{"id":1740,"date":"2021-05-26T13:04:15","date_gmt":"2021-05-26T13:04:15","guid":{"rendered":"https:\/\/institutfrancais.ro\/bucuresti\/evenimente\/concours-de-composition-dune-oeuvre-de-musique-de-chambre-en-hommage-a-george-enescu-pour-le-140eme-anniversaire-de-sa-naissance\/"},"modified":"2021-07-27T08:43:06","modified_gmt":"2021-07-27T08:43:06","slug":"concours-de-composition-george-enescu","status":"publish","type":"evenimente","link":"https:\/\/institutfrancais.ro\/bucuresti\/fr\/evenimente\/concours-de-composition-george-enescu\/","title":{"rendered":"Concours de composition, en hommage \u00e0 George Enescu"},"content":{"rendered":"\n<h3 class=\"wp-block-heading\"><strong>Prix de l\u2019Institut fran\u00e7ais de Roumanie et du Ch\u00e2teau Pape-Cl\u00e9ment<\/strong><\/h3>\n\n\n\n<p>L\u2019Institut fran\u00e7ais de Roumanie et le violoniste fran\u00e7ais Nicolas Dautricourt lancent un appel \u00e0 candidatures pour la composition d\u2019une \u0153uvre de musique de chambre, en hommage \u00e0 George Enescu pour le 140\u00e8me anniversaire de sa naissance.<\/p>\n\n\n\n<p>Cette \u0153uvre devra \u00eatre compos\u00e9e par une compositrice \/ un compositeur de nationalit\u00e9 roumaine, \u00e2g\u00e9 de moins de 35 ans et r\u00e9sidant en Roumanie.<\/p>\n\n\n\n<p>Elle devra durer au total entre 6 et 8 minutes, d\u2019un seul tenant, et devra \u00eatre\ncompos\u00e9e pour un octuor \u00e0 cordes (4 violons, 2 altos, 2 violoncelles).\n<\/p>\n\n\n\n<p>L\u2019auteur.e a toute libert\u00e9 de donner \u00e0 son \u0153uvre le titre de son choix, mais\ncelle-ci devra obligatoirement porter en sous-titre la mention \u00ab hommage \u00e0\nGeorges Enescu \u00bb.\n<\/p>\n\n\n\n<p>Elle devra, au choix du compositeur, comporter des \u00e9l\u00e9ments caract\u00e9ristiques soit du langage musical de George Enescu, soit de fa\u00e7on plus sp\u00e9cifique de son octuor op.7, de telle mani\u00e8re que l\u2019hommage qui lui est rendu \u00e0 travers elle apparaisse de fa\u00e7on claire et indiscutable.<\/p>\n\n\n\n<p>Le comit\u00e9 de s\u00e9lection sera pr\u00e9sid\u00e9 par le compositeur et professeur Dan Dediu.<\/p>\n\n\n\n<p>L\u2019\u0153uvre s\u00e9lectionn\u00e9e par le jury sera interpr\u00e9t\u00e9e le 25 septembre 2021 \u00e0 Bucarest, \u00e0 l\u2019occasion du concert intitul\u00e9 \u00ab Projet Enescu \u00bb donn\u00e9 par Nicolas Dautricourt dans le cadre du Festival International George Enescu.\n<\/p>\n\n\n\n<h4 class=\"wp-block-heading\">Prix<\/h4>\n\n\n\n<p>Bourse culturelle en France d\u2019une dur\u00e9e de 1 mois (billet, s\u00e9jour) en 2021 ou 2022 offerte par l\u2019Institut fran\u00e7ais de Roumanie.\n<\/p>\n\n\n\n<p>\u00ab Prix du Ch\u00e2teau Pape-Cl\u00e9ment \u00bb d\u2019une valeur de 1500 \u20ac offert par M.\nBernard Magrez.<\/p>\n\n\n\n<h4 class=\"wp-block-heading\">Partenaires<\/h4>\n\n\n\n<p>Festival International George Enescu <br>Universit\u00e9 nationale de Musique de Bucarest<br> RFI Romania<br>Avec le soutien de Ch\u00e2teau Pape Cl\u00e9ment &#8211; Bernard Magrez<\/p>\n\n\n\n<h4 class=\"wp-block-heading\"><strong>Calendrier<\/strong><\/h4>\n\n\n\n<ul class=\"wp-block-list\"><li><strong>21 mai 2021<\/strong> : mise en ligne officielle de l\u2019appel \u00e0 candidatures<\/li><li><strong>Avant le 1er juillet 2021<\/strong> : envoi du dossier \u00e0 <a href=\"mailto:concours@institutfrancais.ro\">concours@institutfrancais.ro<\/a>\ncompos\u00e9 :<ul><li>de l\u2019\u0153uvre propos\u00e9e ;<\/li><li>du manuscrit correspondant \u00e0 un fragment de l\u2019\u0153uvre, dont la dur\u00e9e d\u2019ex\u00e9cution devra \u00eatre d\u2019environ 2 minutes ;<\/li><li>d\u2019une attestation sur l\u2019honneur manuscrite que l\u2019\u0153uvre a bien \u00e9t\u00e9 compos\u00e9e par le candidat en question, et sign\u00e9e par lui.<\/li><\/ul><\/li><\/ul>\n\n\n\n<ul class=\"wp-block-list\"><li><strong>Lundi 26 juillet 2021<\/strong> : annonce du laur\u00e9at sur le site de l\u2019Institut fran\u00e7ais de Roumanie.<\/li><\/ul>\n\n\n\n<blockquote class=\"wp-block-quote is-layout-flow wp-block-quote-is-layout-flow\"><p><em>\u00ab Nous sommes heureux d\u2019annoncer que le choix du jury pour d\u00e9signer le vainqueur du concours de composition de l\u2019Institut Fran\u00e7ais de Roumanie et du Ch\u00e2teau Pape-Cl\u00e9ment, s\u2019est port\u00e9 sur <strong>George-Ioan Pais<\/strong> pour son \u0153uvre\u00a0<strong>M\u00e9moire d\u00e9form\u00e9e<\/strong>.<\/em><\/p><p><em>Nous remercions du fond du c\u0153ur l\u2019ensemble des candidats pour la qualit\u00e9 des extraits qu\u2019ils nous ont fait parvenir, leur investissement ainsi que le d\u00e9vouement qu\u2019ils ont montr\u00e9 \u00e0 l\u2019occasion de ce concours n\u2019illustre rien d\u2019autre que leur attachement a porter haut la personnalit\u00e9 et la figure de George Enescu, ce qui est et restera la marque de cette premi\u00e8re \u00e9dition. \u00bb<\/em><\/p><p><em>Nicolas Dautricourt<\/em><\/p><\/blockquote>\n\n\n\n<ul class=\"wp-block-list\"><li><strong>Avant le 20 ao\u00fbt 2021 :<\/strong> L\u2019Institut fran\u00e7ais de Roumanie re\u00e7oit de la part du laur\u00e9at l\u2019\u0153uvre dans sa version d\u00e9finitive : conducteur (score) et parties s\u00e9par\u00e9es.<br><br><br><br><\/li><\/ul>\n\n\n\n<div class=\"wp-block-file\"><a href=\"https:\/\/institutfrancais.ro\/bucuresti\/wp-content\/uploads\/sites\/2\/2021\/05\/Reglement-concours.pdf\">R\u00e8glement du concours<\/a><a href=\"https:\/\/institutfrancais.ro\/bucuresti\/wp-content\/uploads\/sites\/2\/2021\/05\/Reglement-concours.pdf\" class=\"wp-block-file__button\" download>R\u00e8glement du concours<\/a><\/div>\n","protected":false},"excerpt":{"rendered":"<p>Prix de l\u2019Institut fran\u00e7ais de Roumanie et du Ch\u00e2teau Pape-Cl\u00e9ment L\u2019Institut fran\u00e7ais de Roumanie et le violoniste fran\u00e7ais Nicolas Dautricourt lancent un appel \u00e0 candidatures pour la composition d\u2019une \u0153uvre de musique de chambre, en hommage \u00e0 George Enescu pour le 140\u00e8me anniversaire de sa naissance. Cette \u0153uvre devra \u00eatre compos\u00e9e par une compositrice \/ [&hellip;]<\/p>\n","protected":false},"featured_media":1837,"menu_order":0,"template":"","format":"standard","meta":[],"tags":[],"cmcal_calendar":[87],"category-events":[100,89],"class_list":["post-1740","evenimente","type-evenimente","status-publish","format-standard","has-post-thumbnail","hentry","cmcal_calendar-events-calendar-fr","category-events-arhiva-fr","category-events-concours"],"_links":{"self":[{"href":"https:\/\/institutfrancais.ro\/bucuresti\/fr\/wp-json\/wp\/v2\/evenimente\/1740","targetHints":{"allow":["GET"]}}],"collection":[{"href":"https:\/\/institutfrancais.ro\/bucuresti\/fr\/wp-json\/wp\/v2\/evenimente"}],"about":[{"href":"https:\/\/institutfrancais.ro\/bucuresti\/fr\/wp-json\/wp\/v2\/types\/evenimente"}],"wp:featuredmedia":[{"embeddable":true,"href":"https:\/\/institutfrancais.ro\/bucuresti\/fr\/wp-json\/wp\/v2\/media\/1837"}],"wp:attachment":[{"href":"https:\/\/institutfrancais.ro\/bucuresti\/fr\/wp-json\/wp\/v2\/media?parent=1740"}],"wp:term":[{"taxonomy":"post_tag","embeddable":true,"href":"https:\/\/institutfrancais.ro\/bucuresti\/fr\/wp-json\/wp\/v2\/tags?post=1740"},{"taxonomy":"cmcal_calendar","embeddable":true,"href":"https:\/\/institutfrancais.ro\/bucuresti\/fr\/wp-json\/wp\/v2\/cmcal_calendar?post=1740"},{"taxonomy":"category-events","embeddable":true,"href":"https:\/\/institutfrancais.ro\/bucuresti\/fr\/wp-json\/wp\/v2\/category-events?post=1740"}],"curies":[{"name":"wp","href":"https:\/\/api.w.org\/{rel}","templated":true}]}}