{"id":9025,"date":"2024-04-03T13:39:15","date_gmt":"2024-04-03T13:39:15","guid":{"rendered":"https:\/\/institutfrancais.ro\/bucuresti\/evenimente\/simpozion-regional-leurope-les-medias-et-les-fausses-informations\/"},"modified":"2024-04-25T12:57:38","modified_gmt":"2024-04-25T12:57:38","slug":"symposium-regional-l-europe-les-medias-et-les-fausses-informations","status":"publish","type":"evenimente","link":"https:\/\/institutfrancais.ro\/bucuresti\/fr\/evenimente\/symposium-regional-l-europe-les-medias-et-les-fausses-informations\/","title":{"rendered":"Symposium r\u00e9gional \u00ab\u00a0L\u2019EUROPE, LES MEDIAS ET LES FAUSSES INFORMATIONS\u00a0\u00bb"},"content":{"rendered":"\n<p>Organis\u00e9 par <strong>la section Roumanie<\/strong> <strong>de l&rsquo;Union Internationale de la Presse Francophone<\/strong>, avec le soutien de l&rsquo;<strong>Institut fran\u00e7ais de Roumanie (IFRo)<\/strong>, <strong>le symposium \u00ab\u00a0L&rsquo;Europe, les m\u00e9dias et les fausses informations\u00a0\u00bb<\/strong> a permis \u00e0 une centaine de journalistes, dirigeants de m\u00e9dias europ\u00e9ens et \u00e9tudiants de r\u00e9fl\u00e9chir aux questions li\u00e9es \u00e0 l&rsquo;information et au journalisme de qualit\u00e9 face aux fausses nouvelles.<\/p>\n\n\n\n<p>Cette r\u00e9flexion s&rsquo;est concentr\u00e9 autour d&rsquo;activit\u00e9s (conf\u00e9rences, s\u00e9ances en pl\u00e9ni\u00e8re, ateliers-workshops en groupe restreint, cin\u00e9 d\u00e9bat) et de th\u00e9matiques vari\u00e9es (par le prisme de la d\u00e9sinformation, aborder : les r\u00e9seaux sociaux, l&rsquo;\u00e9cologie, la d\u00e9mocratie, la propagande, l&rsquo;intelligence artificielle, etc.) et a eu un r\u00e9el succ\u00e8s. Les repr\u00e9sentants de pas moins de 19 pays ont partag\u00e9 leur riche experience et ont discut\u00e9 sur ce sujet essentiel pour les m\u00e9dias europ\u00e9ens.<\/p>\n\n\n\n<p><strong>Partenaires&nbsp;institutionnels: l&rsquo;Agence Universitaire de la Francophonie pour l&rsquo;Europe Centrale et Orientale, l\u2019Organisation Internationale de la Francophonie, l&rsquo;Universit\u00e9 de Bucarest, l&rsquo;Universit\u00e9 Polytechnique de Bucarest et l&rsquo;Universit\u00e9 Nationale de l&rsquo;Agronomie et M\u00e9decine V\u00e9t\u00e9rinaire de Bucarest<\/strong><\/p>\n\n\n\n<h2 class=\"wp-block-heading\"><strong>Programme<\/strong><\/h2>\n\n\n\n<p><strong>18 avril 2024<\/strong><\/p>\n\n\n\n<p>09h00 \u2013 18h30 @ Universit\u00e9 de Bucarest<\/p>\n\n\n\n<p><strong>19 avril 2024<\/strong><\/p>\n\n\n\n<p>09h00 \u2013 13h00 @ Universit\u00e9 de Bucarest<br>15h00 \u2013 17h30 @ Cin\u00e9ma Elvire Popesco<\/p>\n\n\n\n<p><a href=\"https:\/\/institutfrancais.ro\/bucuresti\/wp-content\/uploads\/sites\/2\/2024\/04\/UPF-AGENDA-CONF-ATELIERS-AVRIL-2024-1.pdf\"><strong>AGENDA UPF ROUMANIE 2024<\/strong><\/a><\/p>\n\n\n\n<figure class=\"wp-block-gallery has-nested-images columns-default is-cropped wp-block-gallery-1 is-layout-flex wp-block-gallery-is-layout-flex\">\n<figure class=\"wp-block-image size-large\"><img loading=\"lazy\" decoding=\"async\" width=\"1024\" height=\"679\" data-id=\"9203\" src=\"https:\/\/institutfrancais.ro\/bucuresti\/wp-content\/uploads\/sites\/2\/2024\/04\/OK-J1-Intro-grand-angle-2-3-1024x679.jpg\" alt=\"\" class=\"wp-image-9203\" srcset=\"https:\/\/institutfrancais.ro\/bucuresti\/wp-content\/uploads\/sites\/2\/2024\/04\/OK-J1-Intro-grand-angle-2-3-1024x679.jpg 1024w, https:\/\/institutfrancais.ro\/bucuresti\/wp-content\/uploads\/sites\/2\/2024\/04\/OK-J1-Intro-grand-angle-2-3-300x199.jpg 300w, https:\/\/institutfrancais.ro\/bucuresti\/wp-content\/uploads\/sites\/2\/2024\/04\/OK-J1-Intro-grand-angle-2-3-768x509.jpg 768w, https:\/\/institutfrancais.ro\/bucuresti\/wp-content\/uploads\/sites\/2\/2024\/04\/OK-J1-Intro-grand-angle-2-3-1536x1018.jpg 1536w, https:\/\/institutfrancais.ro\/bucuresti\/wp-content\/uploads\/sites\/2\/2024\/04\/OK-J1-Intro-grand-angle-2-3-2048x1357.jpg 2048w\" sizes=\"auto, (max-width: 1024px) 100vw, 1024px\" \/><\/figure>\n\n\n\n<figure class=\"wp-block-image size-large\"><img loading=\"lazy\" decoding=\"async\" width=\"1024\" height=\"683\" data-id=\"9213\" src=\"https:\/\/institutfrancais.ro\/bucuresti\/wp-content\/uploads\/sites\/2\/2024\/04\/OK-J2-Conf-1-2-1-1024x683.jpg\" alt=\"\" class=\"wp-image-9213\" srcset=\"https:\/\/institutfrancais.ro\/bucuresti\/wp-content\/uploads\/sites\/2\/2024\/04\/OK-J2-Conf-1-2-1-1024x683.jpg 1024w, https:\/\/institutfrancais.ro\/bucuresti\/wp-content\/uploads\/sites\/2\/2024\/04\/OK-J2-Conf-1-2-1-300x200.jpg 300w, https:\/\/institutfrancais.ro\/bucuresti\/wp-content\/uploads\/sites\/2\/2024\/04\/OK-J2-Conf-1-2-1-768x512.jpg 768w, https:\/\/institutfrancais.ro\/bucuresti\/wp-content\/uploads\/sites\/2\/2024\/04\/OK-J2-Conf-1-2-1-1536x1024.jpg 1536w, https:\/\/institutfrancais.ro\/bucuresti\/wp-content\/uploads\/sites\/2\/2024\/04\/OK-J2-Conf-1-2-1-2048x1366.jpg 2048w\" sizes=\"auto, (max-width: 1024px) 100vw, 1024px\" \/><\/figure>\n\n\n\n<figure class=\"wp-block-image size-large\"><img loading=\"lazy\" decoding=\"async\" width=\"1024\" height=\"673\" data-id=\"9210\" src=\"https:\/\/institutfrancais.ro\/bucuresti\/wp-content\/uploads\/sites\/2\/2024\/04\/OK-Atelier-2-1-1024x673.jpg\" alt=\"\" class=\"wp-image-9210\" srcset=\"https:\/\/institutfrancais.ro\/bucuresti\/wp-content\/uploads\/sites\/2\/2024\/04\/OK-Atelier-2-1-1024x673.jpg 1024w, https:\/\/institutfrancais.ro\/bucuresti\/wp-content\/uploads\/sites\/2\/2024\/04\/OK-Atelier-2-1-300x197.jpg 300w, https:\/\/institutfrancais.ro\/bucuresti\/wp-content\/uploads\/sites\/2\/2024\/04\/OK-Atelier-2-1-768x504.jpg 768w, https:\/\/institutfrancais.ro\/bucuresti\/wp-content\/uploads\/sites\/2\/2024\/04\/OK-Atelier-2-1-1536x1009.jpg 1536w, https:\/\/institutfrancais.ro\/bucuresti\/wp-content\/uploads\/sites\/2\/2024\/04\/OK-Atelier-2-1-2048x1345.jpg 2048w\" sizes=\"auto, (max-width: 1024px) 100vw, 1024px\" \/><\/figure>\n\n\n\n<figure class=\"wp-block-image size-large\"><img loading=\"lazy\" decoding=\"async\" width=\"1024\" height=\"683\" data-id=\"9209\" src=\"https:\/\/institutfrancais.ro\/bucuresti\/wp-content\/uploads\/sites\/2\/2024\/04\/OK-Atelier-1-1-1024x683.jpg\" alt=\"\" class=\"wp-image-9209\" srcset=\"https:\/\/institutfrancais.ro\/bucuresti\/wp-content\/uploads\/sites\/2\/2024\/04\/OK-Atelier-1-1-1024x683.jpg 1024w, https:\/\/institutfrancais.ro\/bucuresti\/wp-content\/uploads\/sites\/2\/2024\/04\/OK-Atelier-1-1-300x200.jpg 300w, https:\/\/institutfrancais.ro\/bucuresti\/wp-content\/uploads\/sites\/2\/2024\/04\/OK-Atelier-1-1-768x512.jpg 768w, https:\/\/institutfrancais.ro\/bucuresti\/wp-content\/uploads\/sites\/2\/2024\/04\/OK-Atelier-1-1-1536x1024.jpg 1536w, https:\/\/institutfrancais.ro\/bucuresti\/wp-content\/uploads\/sites\/2\/2024\/04\/OK-Atelier-1-1-2048x1366.jpg 2048w\" sizes=\"auto, (max-width: 1024px) 100vw, 1024px\" \/><\/figure>\n\n\n\n<figure class=\"wp-block-image size-large\"><img loading=\"lazy\" decoding=\"async\" width=\"1024\" height=\"658\" data-id=\"9204\" src=\"https:\/\/institutfrancais.ro\/bucuresti\/wp-content\/uploads\/sites\/2\/2024\/04\/OK-Atelier-4-1-1024x658.jpg\" alt=\"\" class=\"wp-image-9204\" srcset=\"https:\/\/institutfrancais.ro\/bucuresti\/wp-content\/uploads\/sites\/2\/2024\/04\/OK-Atelier-4-1-1024x658.jpg 1024w, https:\/\/institutfrancais.ro\/bucuresti\/wp-content\/uploads\/sites\/2\/2024\/04\/OK-Atelier-4-1-300x193.jpg 300w, https:\/\/institutfrancais.ro\/bucuresti\/wp-content\/uploads\/sites\/2\/2024\/04\/OK-Atelier-4-1-768x494.jpg 768w, https:\/\/institutfrancais.ro\/bucuresti\/wp-content\/uploads\/sites\/2\/2024\/04\/OK-Atelier-4-1-1536x987.jpg 1536w, https:\/\/institutfrancais.ro\/bucuresti\/wp-content\/uploads\/sites\/2\/2024\/04\/OK-Atelier-4-1-2048x1316.jpg 2048w\" sizes=\"auto, (max-width: 1024px) 100vw, 1024px\" \/><\/figure>\n\n\n\n<figure class=\"wp-block-image size-large\"><img loading=\"lazy\" decoding=\"async\" width=\"1024\" height=\"683\" data-id=\"9205\" src=\"https:\/\/institutfrancais.ro\/bucuresti\/wp-content\/uploads\/sites\/2\/2024\/04\/OK-Atelier-3-1-1024x683.jpg\" alt=\"\" class=\"wp-image-9205\" srcset=\"https:\/\/institutfrancais.ro\/bucuresti\/wp-content\/uploads\/sites\/2\/2024\/04\/OK-Atelier-3-1-1024x683.jpg 1024w, https:\/\/institutfrancais.ro\/bucuresti\/wp-content\/uploads\/sites\/2\/2024\/04\/OK-Atelier-3-1-300x200.jpg 300w, https:\/\/institutfrancais.ro\/bucuresti\/wp-content\/uploads\/sites\/2\/2024\/04\/OK-Atelier-3-1-768x512.jpg 768w, https:\/\/institutfrancais.ro\/bucuresti\/wp-content\/uploads\/sites\/2\/2024\/04\/OK-Atelier-3-1-1536x1024.jpg 1536w, https:\/\/institutfrancais.ro\/bucuresti\/wp-content\/uploads\/sites\/2\/2024\/04\/OK-Atelier-3-1-2048x1366.jpg 2048w\" sizes=\"auto, (max-width: 1024px) 100vw, 1024px\" \/><\/figure>\n\n\n\n<figure class=\"wp-block-image size-large\"><img loading=\"lazy\" decoding=\"async\" width=\"1024\" height=\"676\" data-id=\"9206\" src=\"https:\/\/institutfrancais.ro\/bucuresti\/wp-content\/uploads\/sites\/2\/2024\/04\/OK-cool-1-1024x676.jpg\" alt=\"\" class=\"wp-image-9206\" srcset=\"https:\/\/institutfrancais.ro\/bucuresti\/wp-content\/uploads\/sites\/2\/2024\/04\/OK-cool-1-1024x676.jpg 1024w, https:\/\/institutfrancais.ro\/bucuresti\/wp-content\/uploads\/sites\/2\/2024\/04\/OK-cool-1-300x198.jpg 300w, https:\/\/institutfrancais.ro\/bucuresti\/wp-content\/uploads\/sites\/2\/2024\/04\/OK-cool-1-768x507.jpg 768w, https:\/\/institutfrancais.ro\/bucuresti\/wp-content\/uploads\/sites\/2\/2024\/04\/OK-cool-1-1536x1014.jpg 1536w, https:\/\/institutfrancais.ro\/bucuresti\/wp-content\/uploads\/sites\/2\/2024\/04\/OK-cool-1-2048x1352.jpg 2048w\" sizes=\"auto, (max-width: 1024px) 100vw, 1024px\" \/><\/figure>\n\n\n\n<figure class=\"wp-block-image size-large\"><img loading=\"lazy\" decoding=\"async\" width=\"1024\" height=\"683\" data-id=\"9215\" src=\"https:\/\/institutfrancais.ro\/bucuresti\/wp-content\/uploads\/sites\/2\/2024\/04\/Question-2-1-1024x683.jpg\" alt=\"\" class=\"wp-image-9215\" srcset=\"https:\/\/institutfrancais.ro\/bucuresti\/wp-content\/uploads\/sites\/2\/2024\/04\/Question-2-1-1024x683.jpg 1024w, https:\/\/institutfrancais.ro\/bucuresti\/wp-content\/uploads\/sites\/2\/2024\/04\/Question-2-1-300x200.jpg 300w, https:\/\/institutfrancais.ro\/bucuresti\/wp-content\/uploads\/sites\/2\/2024\/04\/Question-2-1-768x512.jpg 768w, https:\/\/institutfrancais.ro\/bucuresti\/wp-content\/uploads\/sites\/2\/2024\/04\/Question-2-1-1536x1024.jpg 1536w, https:\/\/institutfrancais.ro\/bucuresti\/wp-content\/uploads\/sites\/2\/2024\/04\/Question-2-1-2048x1366.jpg 2048w\" sizes=\"auto, (max-width: 1024px) 100vw, 1024px\" \/><\/figure>\n\n\n\n<figure class=\"wp-block-image size-large\"><img loading=\"lazy\" decoding=\"async\" width=\"1024\" height=\"683\" data-id=\"9217\" src=\"https:\/\/institutfrancais.ro\/bucuresti\/wp-content\/uploads\/sites\/2\/2024\/04\/Question-3-1-1024x683.jpg\" alt=\"\" class=\"wp-image-9217\" srcset=\"https:\/\/institutfrancais.ro\/bucuresti\/wp-content\/uploads\/sites\/2\/2024\/04\/Question-3-1-1024x683.jpg 1024w, https:\/\/institutfrancais.ro\/bucuresti\/wp-content\/uploads\/sites\/2\/2024\/04\/Question-3-1-300x200.jpg 300w, https:\/\/institutfrancais.ro\/bucuresti\/wp-content\/uploads\/sites\/2\/2024\/04\/Question-3-1-768x512.jpg 768w, https:\/\/institutfrancais.ro\/bucuresti\/wp-content\/uploads\/sites\/2\/2024\/04\/Question-3-1-1536x1024.jpg 1536w, https:\/\/institutfrancais.ro\/bucuresti\/wp-content\/uploads\/sites\/2\/2024\/04\/Question-3-1-2048x1366.jpg 2048w\" sizes=\"auto, (max-width: 1024px) 100vw, 1024px\" \/><\/figure>\n<\/figure>\n","protected":false},"excerpt":{"rendered":"<p>Le symposium \u00ab\u00a0L&rsquo;Europe, les m\u00e9dias et les fausses informations\u00a0\u00bb permettra aux journalistes et \u00e9tudiants de r\u00e9fl\u00e9chir aux questions li\u00e9es \u00e0 l&rsquo;information et au journalisme de qualit\u00e9 face aux fausses nouvelles.<\/p>\n","protected":false},"featured_media":9038,"menu_order":0,"template":"","format":"standard","meta":[],"tags":[287,131],"cmcal_calendar":[87],"category-events":[100],"class_list":["post-9025","evenimente","type-evenimente","status-publish","format-standard","has-post-thumbnail","hentry","tag-evenement","tag-francofonie-fr","cmcal_calendar-events-calendar-fr","category-events-arhiva-fr"],"_links":{"self":[{"href":"https:\/\/institutfrancais.ro\/bucuresti\/fr\/wp-json\/wp\/v2\/evenimente\/9025","targetHints":{"allow":["GET"]}}],"collection":[{"href":"https:\/\/institutfrancais.ro\/bucuresti\/fr\/wp-json\/wp\/v2\/evenimente"}],"about":[{"href":"https:\/\/institutfrancais.ro\/bucuresti\/fr\/wp-json\/wp\/v2\/types\/evenimente"}],"wp:featuredmedia":[{"embeddable":true,"href":"https:\/\/institutfrancais.ro\/bucuresti\/fr\/wp-json\/wp\/v2\/media\/9038"}],"wp:attachment":[{"href":"https:\/\/institutfrancais.ro\/bucuresti\/fr\/wp-json\/wp\/v2\/media?parent=9025"}],"wp:term":[{"taxonomy":"post_tag","embeddable":true,"href":"https:\/\/institutfrancais.ro\/bucuresti\/fr\/wp-json\/wp\/v2\/tags?post=9025"},{"taxonomy":"cmcal_calendar","embeddable":true,"href":"https:\/\/institutfrancais.ro\/bucuresti\/fr\/wp-json\/wp\/v2\/cmcal_calendar?post=9025"},{"taxonomy":"category-events","embeddable":true,"href":"https:\/\/institutfrancais.ro\/bucuresti\/fr\/wp-json\/wp\/v2\/category-events?post=9025"}],"curies":[{"name":"wp","href":"https:\/\/api.w.org\/{rel}","templated":true}]}}