{"id":9255,"date":"2024-04-30T11:57:19","date_gmt":"2024-04-30T11:57:19","guid":{"rendered":"https:\/\/institutfrancais.ro\/bucuresti\/evenimente\/%f0%9d%90%84%f0%9d%90%82%f0%9d%90%87%f0%9d%90%8e-%f0%9d%90%84%f0%9d%90%a6%f0%9d%90%a9%f0%9d%90%a8%f0%9d%90%b0%f0%9d%90%9e%f0%9d%90%ab-%f0%9d%90%82%f0%9d%90%a8%f0%9d%90%a7%f0%9d%90%a7%f0%9d%90%9e\/"},"modified":"2024-04-30T12:28:55","modified_gmt":"2024-04-30T12:28:55","slug":"echo","status":"publish","type":"evenimente","link":"https:\/\/institutfrancais.ro\/bucuresti\/fr\/evenimente\/echo\/","title":{"rendered":"ECHO \u2013 Empower. Connect. HerStory. Outstanding."},"content":{"rendered":"\n<p>Le <strong>21 mai<\/strong>, au <strong>Cin\u00e9ma Elvira Popescu<\/strong>, nous r\u00e9unissons les femmes qui nous inspirent, tant de l&rsquo;industrie musicale que d&rsquo;autres domaines cr\u00e9atifs. \u00c0 travers la conf\u00e9rence <strong>ECHO<\/strong>, nous souhaitons contribuer au d\u00e9veloppement d\u2019une industrie cr\u00e9ative plus \u00e9quitable, mettre en avant les voix de femmes remarquables et partager leurs r\u00e9ussites.<\/p>\n\n\n\n<p>Avec un m\u00e9lange de panels interactifs, de s\u00e9ances de <em>networking<\/em>, de discussions et de moments artistiques, ECHO offre une plateforme o\u00f9 nous explorons des sujets tels que le <em>leadership<\/em> f\u00e9minin, l&rsquo;\u00e9quilibre entre les sexes, le d\u00e9veloppement personnel et professionnel et nous identifions les moyens de cr\u00e9er un impact durable dans la communaut\u00e9. Nous explorerons les moyens de surmonter les obstacles, de transformer les d\u00e9fis en opportunit\u00e9s et de b\u00e2tir de solides r\u00e9seaux de soutien mutuel et de collaboration.<\/p>\n\n\n\n<p>ECHO est un espace s\u00fbr, ouvert et inclusif, cr\u00e9\u00e9 sp\u00e9cifiquement pour c\u00e9l\u00e9brer et soutenir la contribution extraordinaire des femmes dans les domaines cr\u00e9atifs.<\/p>\n\n\n\n<p>Que tu sois artiste, productrice, manager, r\u00e9alisatrice ou impliqu\u00e9e dans d&rsquo;autres domaines cr\u00e9atifs, cette conf\u00e9rence est faite pour toi !<\/p>\n\n\n\n<p><em><em>L&rsquo;acc\u00e8s est gratuit et bas\u00e9 sur une invitation t\u00e9l\u00e9charg\u00e9e sur iabilet.ro<\/em><\/em><\/p>\n\n\n\n<p>Billets (acc\u00e8s gratuit !) : <a href=\"https:\/\/www.iabilet.ro\/bilete-echo-by-women-in-music-96396\/\">https:\/\/www.iabilet.ro\/bilete-echo-by-women-in-music-96396\/<\/a><\/p>\n\n\n\n<p><\/p>\n\n\n\n<p><\/p>\n","protected":false},"excerpt":{"rendered":"<p>La conf\u00e9rence ECHO rassemble, au Cin\u00e9ma Elvira Popescu, des femmes qui inspirent, tant de l&rsquo;industrie musicale que d&rsquo;autres domaines cr\u00e9atifs.<\/p>\n","protected":false},"featured_media":9254,"menu_order":0,"template":"","format":"standard","meta":[],"tags":[356,287,131],"cmcal_calendar":[87],"category-events":[100],"class_list":["post-9255","evenimente","type-evenimente","status-publish","format-standard","has-post-thumbnail","hentry","tag-culture","tag-evenement","tag-francofonie-fr","cmcal_calendar-events-calendar-fr","category-events-arhiva-fr"],"_links":{"self":[{"href":"https:\/\/institutfrancais.ro\/bucuresti\/fr\/wp-json\/wp\/v2\/evenimente\/9255","targetHints":{"allow":["GET"]}}],"collection":[{"href":"https:\/\/institutfrancais.ro\/bucuresti\/fr\/wp-json\/wp\/v2\/evenimente"}],"about":[{"href":"https:\/\/institutfrancais.ro\/bucuresti\/fr\/wp-json\/wp\/v2\/types\/evenimente"}],"wp:featuredmedia":[{"embeddable":true,"href":"https:\/\/institutfrancais.ro\/bucuresti\/fr\/wp-json\/wp\/v2\/media\/9254"}],"wp:attachment":[{"href":"https:\/\/institutfrancais.ro\/bucuresti\/fr\/wp-json\/wp\/v2\/media?parent=9255"}],"wp:term":[{"taxonomy":"post_tag","embeddable":true,"href":"https:\/\/institutfrancais.ro\/bucuresti\/fr\/wp-json\/wp\/v2\/tags?post=9255"},{"taxonomy":"cmcal_calendar","embeddable":true,"href":"https:\/\/institutfrancais.ro\/bucuresti\/fr\/wp-json\/wp\/v2\/cmcal_calendar?post=9255"},{"taxonomy":"category-events","embeddable":true,"href":"https:\/\/institutfrancais.ro\/bucuresti\/fr\/wp-json\/wp\/v2\/category-events?post=9255"}],"curies":[{"name":"wp","href":"https:\/\/api.w.org\/{rel}","templated":true}]}}