{"id":8341,"date":"2024-02-12T11:28:11","date_gmt":"2024-02-12T11:28:11","guid":{"rendered":"https:\/\/institutfrancais.ro\/bucuresti\/program-de-cercetare-postdoctorala\/"},"modified":"2024-02-12T11:45:22","modified_gmt":"2024-02-12T11:45:22","slug":"sejour-de-recherche-postdoctoral","status":"publish","type":"page","link":"https:\/\/institutfrancais.ro\/bucuresti\/fr\/sejour-de-recherche-postdoctoral\/","title":{"rendered":"S\u00e9jour de recherche postdoctoral"},"content":{"rendered":"\n<p>La\u00a0<a href=\"http:\/\/www.fmsh.fr\/\">Fondation Maison des Sciences de l\u2019Homme<\/a>\u00a0et l\u2019<a href=\"http:\/\/www.institutfrancais.ro\/\">Institut fran\u00e7ais de Roumanie<\/a>\u00a0(IFR) proposent deux s\u00e9jours de mobilit\u00e9 de 2 mois chacun, en France, aux jeunes chercheurs postdoctorants de Roumanie ayant soutenu leur th\u00e8se \u00e0 partir de 2018.<\/p>\n\n\n\n<p>Cette aide \u00e0 la mobilit\u00e9 est destin\u00e9e \u00e0 r\u00e9aliser des travaux de recherche en France\u00a0: enqu\u00eates de terrain, travail en biblioth\u00e8ques et archives.<\/p>\n\n\n\n<p>Cet appel s\u2019inscrit dans le cadre du\u00a0<a href=\"https:\/\/www.fmsh.fr\/international\/24272\">Programme Atlas<\/a>\u00a0de mobilit\u00e9 postdoctorale de courte dur\u00e9e lanc\u00e9 par la FMSH et ses partenaires.<\/p>\n\n\n\n<h2 class=\"wp-block-heading\">Modalit\u00e9s financi\u00e8res<\/h2>\n\n\n\n<p>Une aide financi\u00e8re totale de\u00a0<strong>3\u00a0408\u20ac pour deux mois<\/strong>\u00a0(vers\u00e9e en deux mensualit\u00e9s de 1\u00a0704 euros au d\u00e9but de chaque mois) est attribu\u00e9e aux laur\u00e9ats. Elle est destin\u00e9e \u00e0 couvrir les frais de transport et de s\u00e9jour.<\/p>\n\n\n\n<p>Les laur\u00e9ats b\u00e9n\u00e9ficieront du statut de \u00ab\u00a0Boursier du Gouvernement Fran\u00e7ais\u00a0\u00bb qui leur permettra d\u2019avoir acc\u00e8s \u00e0 des logements \u00e0 prix encadr\u00e9, de b\u00e9n\u00e9ficier d\u2019une couverture sociale le temps de leur s\u00e9jour en France, et d\u2019obtenir une aide \u00e0 l\u2019achat de mat\u00e9riel bibliographique.<\/p>\n\n\n\n<p>Enfin, les laur\u00e9ats b\u00e9n\u00e9ficieront de la gratuit\u00e9 du visa ainsi que d\u2019une aide logistique pour organiser leur s\u00e9jour (possibilit\u00e9 de mise \u00e0 disposition d\u2019un espace de travail, lettres pour les biblioth\u00e8ques&#8230;).<\/p>\n\n\n\n<h2 class=\"wp-block-heading\">Crit\u00e8res d\u2019\u00e9ligibilit\u00e9<\/h2>\n\n\n\n<p><strong>Nationalit\u00e9\u00a0:<\/strong>\u00a0les candidats doivent \u00eatre ressortissants de Roumanie\u00a0et\u00a0\u00eatre rattach\u00e9 \u00e0 un \u00e9tablissement d\u2019enseignement sup\u00e9rieur de recherche \/ institut de recherche priv\u00e9 ou public de Roumanie.<\/p>\n\n\n\n<p><strong>Dipl\u00f4me\u00a0:\u00a0<\/strong>les candidats doivent \u00eatre titulaires d\u2019un doctorat. La th\u00e8se doit avoir \u00e9t\u00e9 soutenue \u00e0 partir de 2018.<\/p>\n\n\n\n<p><strong>Discipline\u00a0:<\/strong>\u00a0les candidats doivent \u00eatre engag\u00e9s dans des recherches en sciences humaines et sociales.<\/p>\n\n\n\n<p><strong>Institution d\u2019accueil\u00a0:<\/strong>\u00a0les candidats doivent trouver une institution de recherche fran\u00e7aise qui assurera leur accueil scientifique pendant leur s\u00e9jour en France. Lors de la candidature, les candidats devront fournir une lettre d\u2019invitation sign\u00e9e par l\u2019institution d\u2019accueil et adress\u00e9e \u00e0 la FMSH et \u00e0 l\u2019IFR, dans laquelle l\u2019institution d\u2019accueil motive les raisons de l\u2019invitation ainsi que les conditions de travail mises \u00e0 disposition.<\/p>\n\n\n\n<h2 class=\"wp-block-heading\">Obligations du chercheur<\/h2>\n\n\n\n<p>Le chercheur devra remettre \u00e0 la FMSH et \u00e0 l\u2019IFR, \u00e0 l\u2019issue de son s\u00e9jour de recherche, un rapport pr\u00e9sentant les activit\u00e9s r\u00e9alis\u00e9es.<\/p>\n\n\n\n<h2 class=\"wp-block-heading\">Dossier de candidature<\/h2>\n\n\n\n<p>Les candidats doivent soumettre un formulaire et un dossier scientifique (projet de recherche + annexes) sur une\u00a0<a href=\"http:\/\/calls.msh-paris.fr\/\">plateforme en ligne<\/a>. La plateforme en ligne sera accessible\u00a0<strong>\u00e0 partir du<\/strong>\u00a0<strong>15 janvier 2024<\/strong>. Les candidatures compl\u00e8tes devront \u00eatre t\u00e9l\u00e9charg\u00e9es sur la plateforme en ligne\u00a0<strong>au plus tard le 18 mars 2024<\/strong>,\u00a0<strong>17:00 (heure de Paris)<\/strong>.<\/p>\n\n\n\n<p>Le formulaire et le dossier scientifique peuvent \u00eatre soumis\u00a0en fran\u00e7ais ou en anglais.<\/p>\n\n\n\n<h2 class=\"wp-block-heading\">Contenu du dossier scientifique<\/h2>\n\n\n\n<p><em><strong>Le projet de recherche<\/strong>\u00a0:\u00a0<\/em>Le projet de recherche consiste en un expos\u00e9 entre 10\u00a0000 et 20 000 signes (espaces et notes compris) compos\u00e9 obligatoirement de\u00a0:<\/p>\n\n\n\n<ul class=\"wp-block-list\">\n<li>la probl\u00e9matique et les objectifs du projet de recherche&nbsp;<\/li>\n\n\n\n<li>une bibliographie<\/li>\n\n\n\n<li>le d\u00e9tail du programme de s\u00e9jour (lieux et institutions \u00e0 visiter, contacts)<\/li>\n<\/ul>\n\n\n\n<p><em><strong>Les annexes<\/strong>\u00a0:<\/em><\/p>\n\n\n\n<ul class=\"wp-block-list\">\n<li>Un CV de maximum 2 pages<\/li>\n\n\n\n<li>Une liste des publications<\/li>\n\n\n\n<li>La copie du dipl\u00f4me de la th\u00e8se<\/li>\n\n\n\n<li>Une lettre du directeur de l\u2019institution de rattachement dans le pays d\u2019origine<\/li>\n\n\n\n<li>Une lettre d\u2019invitation du directeur de l\u2019institution d\u2019accueil en France motivant les raisons de l\u2019invitation et les conditions de travail mises \u00e0 disposition<\/li>\n<\/ul>\n\n\n\n<h2 class=\"wp-block-heading\">Comment postuler ?<\/h2>\n\n\n\n<ol class=\"wp-block-list\">\n<li>Rendez-vous sur la plateforme&nbsp;<a href=\"http:\/\/calls.msh-paris.fr\/\">http:\/\/calls.msh-paris.fr<\/a>&nbsp;et entrez dans l\u2019espace \u00ab&nbsp;<em>Researcher Workspace<\/em>&nbsp;\u00bb<\/li>\n\n\n\n<li>Identifiez-vous si vous avez d\u00e9j\u00e0 cr\u00e9\u00e9 un compte, le cas \u00e9ch\u00e9ant, cr\u00e9ez un compte<\/li>\n\n\n\n<li>Remplissez votre profil puis cliquez sur \u00ab&nbsp;<em>create a new application<\/em>&nbsp;\u00bb<\/li>\n\n\n\n<li>S\u00e9lectionnez \u00ab&nbsp;<em>Programme Atlas incoming 2024&nbsp;<\/em>\u00bb puis l\u2019appel sp\u00e9cifique&nbsp;<em>\u00ab&nbsp;FMSH-IFR : Roumanie &gt; France 2e appel&nbsp;<\/em>\u00bb<\/li>\n\n\n\n<li>Remplissez&nbsp;tous&nbsp;les onglets du formulaire<\/li>\n\n\n\n<li>Dans l\u2019onglet \u00ab\u00a0<em>Documents&nbsp;<\/em>\u00bb\u00a0<strong>t\u00e9l\u00e9chargez sous forme d\u2019un document \u00e9lectronique unique au format pdf<\/strong>\u00a0votre dossier de candidature qui sera compos\u00e9 des pi\u00e8ces suivantes :\n<ul class=\"wp-block-list\">\n<li>Un projet de recherche<\/li>\n\n\n\n<li>Un CV de maximum 2 pages<\/li>\n\n\n\n<li>Une liste des publications<\/li>\n\n\n\n<li>La copie du dipl\u00f4me de la th\u00e8se<\/li>\n\n\n\n<li>Une lettre du directeur de l\u2019institution de rattachement dans le pays d\u2019origine<\/li>\n\n\n\n<li>Une lettre d\u2019invitation du directeur de l\u2019institution de recherche d\u2019accueil en France<\/li>\n<\/ul>\n<\/li>\n\n\n\n<li>Vous pouvez sauvegarder votre candidature sans la soumettre pour y revenir plus tard, ou la soumettre d\u00e9finitivement. Lorsque vous aurez soumis votre candidature, vous recevrez un email automatique de confirmation.&nbsp;<strong>Attention, si votre candidature n\u2019est pas soumise elle ne sera pas \u00e9tudi\u00e9e. Les dossiers de candidature incomplets ou ne correspondant pas \u00e0 la description ci-dessus ne seront pas pris en compte<\/strong>.<\/li>\n<\/ol>\n\n\n\n<p>Pour toute information sur la plateforme, ou en cas de difficult\u00e9 \u00e0 l\u2019utiliser, contactez\u00a0<a href=\"mailto:fadili@msh-paris.fr\">fadili@msh-paris.fr<\/a>.<\/p>\n\n\n\n<h2 class=\"wp-block-heading\">Crit\u00e8res et processus de s\u00e9lection<\/h2>\n\n\n\n<p>Un comit\u00e9 de s\u00e9lection compos\u00e9 de membres de la FMSH, de l\u2019IFR, du CEREFREA-Villa No\u00ebl et d\u2019experts externes analysera et s\u00e9lectionnera les candidatures au regard des \u00e9l\u00e9ments suivants\u00a0:<\/p>\n\n\n\n<ul class=\"wp-block-list\">\n<li>La qualit\u00e9 du dossier scientifique et la m\u00e9thodologie d\u00e9velopp\u00e9e<\/li>\n\n\n\n<li>La pertinence de venir en France au regard du projet d\u00e9velopp\u00e9 et du parcours du chercheur<\/li>\n\n\n\n<li>La capacit\u00e9 \u00e0 identifier des contacts scientifiques sur place<\/li>\n<\/ul>\n\n\n\n<p>Les chercheurs n\u2019ayant jamais b\u00e9n\u00e9fici\u00e9 du dispositif seront privil\u00e9gi\u00e9s.<\/p>\n\n\n\n<p>Les r\u00e9sultats seront communiqu\u00e9s par mail aux candidats \u00e0 partir de fin avril 2024.<\/p>\n\n\n\n<p><\/p>\n\n\n\n<p><\/p>\n\n\n\n<p><\/p>\n\n\n\n<p><\/p>\n\n\n\n<p><\/p>\n\n\n\n<p><\/p>\n","protected":false},"excerpt":{"rendered":"<p>La\u00a0Fondation Maison des Sciences de l\u2019Homme\u00a0et l\u2019Institut fran\u00e7ais de Roumanie\u00a0(IFR) proposent deux s\u00e9jours de mobilit\u00e9 de 2 mois chacun, en France, aux jeunes chercheurs postdoctorants de Roumanie ayant soutenu leur th\u00e8se \u00e0 partir de 2018. Cette aide \u00e0 la mobilit\u00e9 est destin\u00e9e \u00e0 r\u00e9aliser des travaux de recherche en France\u00a0: enqu\u00eates de terrain, travail en [&hellip;]<\/p>\n","protected":false},"author":3,"featured_media":7379,"parent":0,"menu_order":0,"comment_status":"closed","ping_status":"closed","template":"","meta":{"footnotes":""},"class_list":["post-8341","page","type-page","status-publish","has-post-thumbnail","hentry"],"_links":{"self":[{"href":"https:\/\/institutfrancais.ro\/bucuresti\/fr\/wp-json\/wp\/v2\/pages\/8341","targetHints":{"allow":["GET"]}}],"collection":[{"href":"https:\/\/institutfrancais.ro\/bucuresti\/fr\/wp-json\/wp\/v2\/pages"}],"about":[{"href":"https:\/\/institutfrancais.ro\/bucuresti\/fr\/wp-json\/wp\/v2\/types\/page"}],"author":[{"embeddable":true,"href":"https:\/\/institutfrancais.ro\/bucuresti\/fr\/wp-json\/wp\/v2\/users\/3"}],"replies":[{"embeddable":true,"href":"https:\/\/institutfrancais.ro\/bucuresti\/fr\/wp-json\/wp\/v2\/comments?post=8341"}],"version-history":[{"count":2,"href":"https:\/\/institutfrancais.ro\/bucuresti\/fr\/wp-json\/wp\/v2\/pages\/8341\/revisions"}],"predecessor-version":[{"id":8345,"href":"https:\/\/institutfrancais.ro\/bucuresti\/fr\/wp-json\/wp\/v2\/pages\/8341\/revisions\/8345"}],"wp:featuredmedia":[{"embeddable":true,"href":"https:\/\/institutfrancais.ro\/bucuresti\/fr\/wp-json\/wp\/v2\/media\/7379"}],"wp:attachment":[{"href":"https:\/\/institutfrancais.ro\/bucuresti\/fr\/wp-json\/wp\/v2\/media?parent=8341"}],"curies":[{"name":"wp","href":"https:\/\/api.w.org\/{rel}","templated":true}]}}