{"id":10032,"date":"2024-07-18T10:17:18","date_gmt":"2024-07-18T10:17:18","guid":{"rendered":"https:\/\/institutfrancais.ro\/bucuresti\/?post_type=evenimente&#038;p=10032"},"modified":"2024-07-22T09:40:01","modified_gmt":"2024-07-22T09:40:01","slug":"ukrainian-musiclab-un-program-de-sprijin-pentru-artistii-ucraineni","status":"publish","type":"evenimente","link":"https:\/\/institutfrancais.ro\/bucuresti\/evenimente\/ukrainian-musiclab-un-program-de-sprijin-pentru-artistii-ucraineni\/","title":{"rendered":"Ukrainian MusicLab, un program de sprijin pentru arti\u0219tii ucraineni"},"content":{"rendered":"\n<p><strong>Ukrainian MusicLab<\/strong> este un program conceput pentru a sprijini arti\u0219tii ucraineni, facilit\u00e2nd integrarea lor pe pia\u021ba muzical\u0103 european\u0103.<\/p>\n\n\n\n<p>\u00cen fa\u021ba provoc\u0103rilor impuse de r\u0103zboi, mul\u021bi arti\u0219ti ucraineni au fost nevoi\u021bi s\u0103-\u0219i suspende proiectele artistice sau s\u0103 se mute \u00een alt\u0103 \u021bar\u0103. Acest program \u00ee\u0219i propune s\u0103 le ofere o nou\u0103 oportunitate de a se dezvolta \u0219i de a deveni cunoscu\u021bi \u00een Europa.<\/p>\n\n\n\n<p>\u00cen parteneriat cu Institutul Francez din Romania la Bucure\u0219ti, Club Control \u0219i Ucraina Music Export, Europavox lanseaz\u0103 acest program care se adreseaz\u0103 arti\u0219tilor ucraineni stabili\u021bi \u00een Ucraina sau \u00een alt\u0103 \u021bar\u0103 european\u0103. Programul include ateliere online \u0219i sesiuni fizice la Bucure\u0219ti, oferind un cadru hibrid de formare pe o perioad\u0103 de trei s\u0103pt\u0103m\u00e2ni \u00een octombrie 2024.<\/p>\n\n\n\n<p><span style=\"text-decoration: underline\">Obiectivele programului:<\/span><\/p>\n\n\n\n<ul class=\"wp-block-list\">\n<li>Facilitarea accesului pe pia\u021ba muzical\u0103 european\u0103 pentru arti\u0219tii ucraineni,<\/li>\n\n\n\n<li>Crearea de leg\u0103turi cu profesioni\u0219tii din industria muzical\u0103 european\u0103, favoriz\u00e2nd astfel colaborarea \u0219i oportunit\u0103\u021bile de carier\u0103,<\/li>\n\n\n\n<li>Punerea la dispozi\u021bie a unor instrumente de prezentare \u0219i promovare a muzicii pentru arti\u0219tii ucraineni.<\/li>\n<\/ul>\n\n\n\n<p><span style=\"text-decoration: underline\">Con\u021binutul <span style=\"text-decoration: underline\">programului<\/span><\/span><\/p>\n\n\n\n<p>Patru sesiuni online, axate pe subiecte cruciale pentru dezvoltarea carierei, precum introducerea pe pie\u021bele muzicale europene, diversificarea surselor de venit sau o sesiune de \u201emedia training\u201d.<\/p>\n\n\n\n<p>Sesiunile de la Bucure\u0219ti vor completa programul cu sesiuni de produc\u021bie de con\u021binut \u0219i showcase-uri la Club Control, pentru a se \u00eent\u00e2lni \u0219i a discuta cu mass-media \u0219i profesioni\u0219tii din domeniul muzical.<\/p>\n\n\n\n<p><span style=\"text-decoration: underline\">Candidaturi<\/span><\/p>\n\n\n\n<p>Arti\u0219tii interesa\u021bi sunt invita\u021bi s\u0103-\u0219i depun\u0103 candidatura p\u00e2n\u0103 pe 9 septembrie, ora 15:00 CET. <br>Mai multe informa\u021bii \u0219i formularul de \u00eenscriere sunt disponibile <a href=\"https:\/\/bit.ly\/UkrainianMusicLab\">aici<\/a>.<\/p>\n\n\n\n<p>Lista arti\u0219tilor selecta\u021bi va fi anun\u021bat\u0103 \u00een septembrie 2024.<\/p>\n\n\n\n<p><\/p>\n\n\n\n<p><\/p>\n\n\n\n<p><\/p>\n\n\n\n<p><\/p>\n\n\n\n<p><\/p>\n\n\n\n<p><\/p>\n\n\n\n<p><\/p>\n","protected":false},"excerpt":{"rendered":"<p>Ukrainian MusicLab este un program conceput pentru a sprijini arti\u0219tii ucraineni, facilit\u00e2nd integrarea lor pe pia\u021ba muzical\u0103 european\u0103. \u00cen fa\u021ba provoc\u0103rilor impuse de r\u0103zboi, mul\u021bi arti\u0219ti ucraineni au fost nevoi\u021bi s\u0103-\u0219i suspende proiectele artistice sau s\u0103 se mute \u00een alt\u0103 \u021bar\u0103. Acest program \u00ee\u0219i propune s\u0103 le ofere o nou\u0103 oportunitate de a se dezvolta [&hellip;]<\/p>\n","protected":false},"featured_media":10035,"menu_order":0,"template":"","format":"standard","meta":[],"tags":[],"cmcal_calendar":[18],"category-events":[101],"class_list":["post-10032","evenimente","type-evenimente","status-publish","format-standard","has-post-thumbnail","hentry","cmcal_calendar-events-calendar","category-events-muzica"],"_links":{"self":[{"href":"https:\/\/institutfrancais.ro\/bucuresti\/wp-json\/wp\/v2\/evenimente\/10032","targetHints":{"allow":["GET"]}}],"collection":[{"href":"https:\/\/institutfrancais.ro\/bucuresti\/wp-json\/wp\/v2\/evenimente"}],"about":[{"href":"https:\/\/institutfrancais.ro\/bucuresti\/wp-json\/wp\/v2\/types\/evenimente"}],"wp:featuredmedia":[{"embeddable":true,"href":"https:\/\/institutfrancais.ro\/bucuresti\/wp-json\/wp\/v2\/media\/10035"}],"wp:attachment":[{"href":"https:\/\/institutfrancais.ro\/bucuresti\/wp-json\/wp\/v2\/media?parent=10032"}],"wp:term":[{"taxonomy":"post_tag","embeddable":true,"href":"https:\/\/institutfrancais.ro\/bucuresti\/wp-json\/wp\/v2\/tags?post=10032"},{"taxonomy":"cmcal_calendar","embeddable":true,"href":"https:\/\/institutfrancais.ro\/bucuresti\/wp-json\/wp\/v2\/cmcal_calendar?post=10032"},{"taxonomy":"category-events","embeddable":true,"href":"https:\/\/institutfrancais.ro\/bucuresti\/wp-json\/wp\/v2\/category-events?post=10032"}],"curies":[{"name":"wp","href":"https:\/\/api.w.org\/{rel}","templated":true}]}}