{"id":10628,"date":"2025-02-14T12:17:48","date_gmt":"2025-02-14T12:17:48","guid":{"rendered":"https:\/\/institutfrancais.ro\/bucuresti\/evenimente\/piaf-the-show-avec-nathalie-lermitte\/"},"modified":"2025-03-10T10:08:37","modified_gmt":"2025-03-10T10:08:37","slug":"piaf-the-show-avec-nathalie-lermitte","status":"publish","type":"evenimente","link":"https:\/\/institutfrancais.ro\/bucuresti\/evenimente\/piaf-the-show-avec-nathalie-lermitte\/","title":{"rendered":"PIAF! THE SHOW avec NATHALIE LERMITTE"},"content":{"rendered":"\n<p><a><strong>PIAF! THE SHOW cu <\/strong><\/a><a><strong>NATHALIE LERMITTE<\/strong><\/a><\/p>\n\n<p><strong>Turneu aniversar \u00c9dith Piaf 110 ani<\/strong><\/p>\n\n<p><strong>Spectacolul PIAF! THE SHOW, \u00een interpretarea extraordinar\u0103 a lui NATHALIE LERMITTE, revine \u00een Rom\u00e2nia pe 1 martie 2025! Evenimentul, ce face parte din turneul mondial de aniversare a 110 de ani de la na\u0219terea inegalabilei \u00c9dith Piaf, va avea loc la Circul Metropolitan din Bucure\u0219ti. Biletele sunt \u00een v\u00e2nzare pe <\/strong><a href=\"https:\/\/bilete.emagic.ro\/\"><strong>bilete.emagic.ro<\/strong><\/a><strong>, <\/strong><a href=\"https:\/\/tickets.emagic.ro\/\"><strong>tickets.emagic.ro<\/strong><\/a><strong>, <\/strong><a href=\"https:\/\/entertix.ro\/\"><strong>Entertix<\/strong><\/a><strong> \u0219i <\/strong><a href=\"https:\/\/www.iabilet.ro\/\"><strong>iaBilet<\/strong><\/a><strong>.<\/strong><strong><\/strong><\/p>\n\n<p>Considerat cel mai mare succes francofon din lume, jucat cu casa \u00eenchis\u0103 pe Broadway \u0219i \u00een s\u0103lile de spectacole din peste 50 de \u021b\u0103ri, <strong><em>PIAF! THE SHOW<\/em><\/strong> a dep\u0103\u0219it v\u00e2nz\u0103ri de peste un milion de bilete. <strong>Spectacolul s-a bucurat de un succes deosebit anul acesta \u00een Bucure\u0219ti \u0219i, la cererea publicului, va reveni \u00een Rom\u00e2nia de M\u0103r\u021bi\u0219or, \u00een 2025, pentru a celebra 110 ani de la na\u0219terea artistei.<\/strong><\/p>\n\n<p>Retr\u0103ie\u0219te povestea celei mai mari c\u00e2nt\u0103re\u021be franceze din toate timpurile \u00eentr-o scenografie nou\u0103 de excep\u021bie, care te va transporta pe str\u0103zile din Parisului cu piesele ei atemporale, ce au fermecat publicul din \u00eentreaga lume.<\/p>\n\n<p>Interpretat de talentata <strong>Nathalie Lermitte<\/strong> \u0219i conceput \u0219i regizat de <strong>Gil Marsala<\/strong>, <strong><em>PIAF! The Show<\/em><\/strong> este unanim considerat de apropia\u021bii lui \u00c9dith Piaf cel mai frumos tribut adus vreodat\u0103 carierei c\u00e2nt\u0103re\u021bei. \u00cen <strong><em>PIAF! The Show<\/em><\/strong> Nathalie Lermitte poart\u0103 spectatorul prin  via\u021ba emo\u021bionant\u0103 a \u201eMicu\u021bei Privighetori\u201d \u2013 \u201ela M\u00f4me Piaf\u201d \u2013 cu celebrele c\u00e2ntece &#8222;<strong><em>La Vie en rose<\/em><\/strong>&#8222;, &#8222;<strong><em>Non, je ne regrette rien<\/em><\/strong>&#8221; sau \u201e<strong><em>Milord<\/em><\/strong>\u201d.<\/p>\n\n<p>\u201e<em>Nathalie Lermitte red\u0103 \u00eentr-un mod miraculos sufletul \u0219i timbrul lui Piaf!<\/em>\u201d \u2013 Le Parisien<\/p>\n\n<p>\u201e<em>Dramatic, spiritual, cald, autentic \u0219i fantastic cu totul!<\/em>\u201d \u2013 The New York Times<\/p>\n\n<p>\u201e<em>Acesta este cel mai frumos tribut adus \u00c9dith pe care l-am vazut vreodat\u0103<\/em>\u201d \u2013 Christie Laume, sora lui Th\u00e9o Sarapo, ultimul so\u021b al lui \u00c9dith Piaf<\/p>\n\n<p><strong>NATHALIE LERMITTE<\/strong><\/p>\n\n<p>PIAF! The Show a atins succesul mondial cu ajutorul inegalabilei Nathalie Lermitte, una dintre cele mai apreciate artiste ale Fran\u021bei.<\/p>\n\n<p>Nathalie Lermitte s-a n\u0103scut \u00eentr-o familie de muzicieni \u0219i a \u00eenceput s\u0103 c\u00e2nte \u00eenc\u0103 de la v\u00e2rsta de \u0219ase ani \u00een trupa tat\u0103lui ei, iar la optsprezece ani a lansat primul album \u00abTu es tout ce que j\u2019aime\u00bb, dou\u0103 extrase pe single v\u00e2nz\u00e2nd peste 400.000 de copii. Melodia omonim\u0103 a fost remarcat\u0103 de posturile de radio fran\u021buze\u0219ti, care au \u00eenceput s\u0103 o difuzeze frecvent, lans\u00e2nd astfel cariera na\u021bional\u0103 a artistei. C\u00e2ntarea\u021ba \u0219i-a continuat cariera \u00eenregistrand numeroase coloane sonore pentru seriale de televiziune \u0219i anima\u021bii, iar 1989 a marcat \u00eenceputurile artistei \u00een teatrul muzical, fiind abordat\u0103 s\u0103 joace \u00een spectacolul \u201eStarmania\u201d timp de trei ani pe scena teatrului Marigny din Paris, iar apoi \u00eentr-un turneu interna\u021bional \u00eencheiat \u00een Moscova \u0219i Sankt Petersburg. Cariera artistei a continuat cu o serie de musical-uri \u00een care, de cele mai multe ori, a jucat rolul lui \u00c9dith Piaf, culmin\u00e2nd cu PIAF! The Show, considerat cel mai mare omagiu adus lui Piaf.<\/p>\n\n<p><strong>GIL MARSALLA<\/strong><\/p>\n\n<p>Gil Marsalla studiaz\u0103 muzica \u00eenc\u0103 de la v\u00e2rsta de 14 ani \u0219i a avut o carier\u0103 \u00eemplinit\u0103 ca muzician, director muzical, dirijor \u0219i director artistic. A produs cu succes spectacole muzicale \u0219i teatrale, precum \u0219i evenimente de amploare \u00een ultimii 20 de ani, cel mai recent cu propria sa companie de produc\u021bie, Directo Productions, pe care a fondat-o \u00een 2001 cu scopul de a sprijini \u0219i prezenta arti\u0219ti francezi. <\/p>\n\n<p>Un eveniment organizat de Emagic, sus\u021binut de Magic FM.<\/p>\n\n<p>***<\/p>\n\n<p><em>Intrarea la eveniment se face \u00een baza <\/em><a href=\"https:\/\/www.emagic.ro\/termeni-si-conditii\/\"><em>regulamentului organizatorului<\/em><\/a><em> \u0219i include respectarea tuturor restric\u021biilor \u0219i ale posibilelor condi\u021bii suplimentare impuse de autorit\u0103\u021bile locale \u00eenainte de eveniment \u0219i \u00een timpul desf\u0103\u0219ur\u0103rii evenimentului. Mai multe detalii privind regulamentul de acces vor fi comunicate \u00een zilele din apropierea evenimentului. Cump\u0103r\u0103torilor de bilet li se recomand\u0103 consultarea <\/em><a href=\"http:\/\/www.emagic.ro\/\"><em>siteului oficial<\/em><\/a><em> \u0219i a platformelor <\/em><a href=\"https:\/\/www.facebook.com\/emagic.romania\"><em>social media Emagic<\/em><\/a><em> \u00eenainte de participarea la eveniment.<\/em><\/p>\n\n<p><\/p>\n","protected":false},"excerpt":{"rendered":"<p>PIAF! THE SHOW cu NATHALIE LERMITTE Turneu aniversar \u00c9dith Piaf 110 ani Spectacolul PIAF! THE SHOW, \u00een interpretarea extraordinar\u0103 a lui NATHALIE LERMITTE, revine \u00een Rom\u00e2nia pe 1 martie 2025! Evenimentul, ce face parte din turneul mondial de aniversare a 110 de ani de la na\u0219terea inegalabilei \u00c9dith Piaf, va avea loc la Circul Metropolitan [&hellip;]<\/p>\n","protected":false},"featured_media":10627,"menu_order":0,"template":"","format":"standard","meta":[],"tags":[],"cmcal_calendar":[],"category-events":[94],"class_list":["post-10628","evenimente","type-evenimente","status-publish","format-standard","has-post-thumbnail","hentry","category-events-arhiva"],"_links":{"self":[{"href":"https:\/\/institutfrancais.ro\/bucuresti\/wp-json\/wp\/v2\/evenimente\/10628","targetHints":{"allow":["GET"]}}],"collection":[{"href":"https:\/\/institutfrancais.ro\/bucuresti\/wp-json\/wp\/v2\/evenimente"}],"about":[{"href":"https:\/\/institutfrancais.ro\/bucuresti\/wp-json\/wp\/v2\/types\/evenimente"}],"wp:featuredmedia":[{"embeddable":true,"href":"https:\/\/institutfrancais.ro\/bucuresti\/wp-json\/wp\/v2\/media\/10627"}],"wp:attachment":[{"href":"https:\/\/institutfrancais.ro\/bucuresti\/wp-json\/wp\/v2\/media?parent=10628"}],"wp:term":[{"taxonomy":"post_tag","embeddable":true,"href":"https:\/\/institutfrancais.ro\/bucuresti\/wp-json\/wp\/v2\/tags?post=10628"},{"taxonomy":"cmcal_calendar","embeddable":true,"href":"https:\/\/institutfrancais.ro\/bucuresti\/wp-json\/wp\/v2\/cmcal_calendar?post=10628"},{"taxonomy":"category-events","embeddable":true,"href":"https:\/\/institutfrancais.ro\/bucuresti\/wp-json\/wp\/v2\/category-events?post=10628"}],"curies":[{"name":"wp","href":"https:\/\/api.w.org\/{rel}","templated":true}]}}