{"id":1731,"date":"2021-05-26T12:51:29","date_gmt":"2021-05-26T12:51:29","guid":{"rendered":"https:\/\/institutfrancais.ro\/bucuresti\/?post_type=evenimente&#038;p=1731"},"modified":"2021-12-14T08:43:38","modified_gmt":"2021-12-14T08:43:38","slug":"concurs-de-compozitie-george-enescu","status":"publish","type":"evenimente","link":"https:\/\/institutfrancais.ro\/bucuresti\/evenimente\/concurs-de-compozitie-george-enescu\/","title":{"rendered":"Concurs de compozi\u021bie, omagiu lui George Enescu"},"content":{"rendered":"\n<h3 class=\"wp-block-heading\"><strong>Premiul Institutului Francez din Rom\u00e2nia \u0219i Ch\u00e2teau Pape-Cl\u00e9ment<\/strong><\/h3>\n\n\n\n<p>Institutul Francez din Rom\u00e2nia \u0219i violonistul francez Nicolas Dautricourt lanseaz\u0103 un concurs de compozi\u021bie, un omagiu adus operei lui George Enescu la 140 de ani de la na\u0219terea sa.<\/p>\n\n\n\n<p>Concursul este destinat compozitoarelor\/compozitorilor de na\u021bionalitate rom\u00e2n\u0103, cu v\u00e2rsta p\u00e2n\u0103 \u00een 35 de ani, care au re\u0219edin\u021ba \u00een Rom\u00e2nia.<\/p>\n\n\n\n<p>Opera va trebui s\u0103 dureze \u00eentre 6 \u0219i 8 minute, s\u0103 fie \u00eentr-o singur\u0103 bucat\u0103 \u0219i s\u0103 fie compus\u0103&nbsp; pentru un octet de coarde (4 viori, 2 viole, 2 violoncele).<\/p>\n\n\n\n<p>Autorul are libertatea de a alege titlul compozitiei, dar trebuie s\u0103 poarte men\u021biunea \u201eomagiu lui George Enescu\u201d \u00een subtitlu.<\/p>\n\n\n\n<p>La alegerea compozitorului, opera va trebui s\u0103 includ\u0103 fie elemente caracteristice limbajului muzical al lui George Enescu, fie mai precis al octetului s\u0103u Op.7, \u00een a\u0219a fel \u00eenc\u00e2t omagiul care i-a fost adus prin opera compus\u0103 s\u0103 apar\u0103 \u00een mod clar \u0219i indiscutabil.<\/p>\n\n\n\n<p>Comitetul de selec\u021bie va fi prezidat de compozitorul \u0219i profesorul Dan Dediu.<\/p>\n\n\n\n<p>Lucrarea selectat\u0103 de c\u0103tre juriu va fi interpretat\u0103 pe 25 septembrie 2021 la Bucure\u0219ti, \u00een cadrul concertului intitulat \u201eProiectul Enescu\u201d sus\u021binut de Nicolas Dautricourt \u00een cadrul Festivalului Interna\u021bional George Enescu.<\/p>\n\n\n\n<h4 class=\"wp-block-heading\">Premii<\/h4>\n\n\n\n<p>Burs\u0103 cultural\u0103 \u00een Fran\u021ba cu o durat\u0103 de o lun\u0103 (biletul de avion, sejurul) \u00een 2021 sau 2022, oferit\u0103 de Institutul francez din Rom\u00e2nia.<\/p>\n\n\n\n<p>\u201ePremiul Ch\u00e2teau Pape-Cl\u00e9ment\u201d \u00een valoare de 1.500 EUR oferit de domnul Bernard Magrez.<\/p>\n\n\n\n<h4 class=\"wp-block-heading\">Parteneri<\/h4>\n\n\n\n<p>Festivalul Interna\u021bional George Enescu<em><br><\/em>Universitatea Na\u021bional\u0103 de Muzic\u0103 din Bucure\u0219ti<br>RFI Rom\u00e2nia<br>Cu sus\u021binere din partea Ch\u00e2teau Pape Cl\u00e9ment<\/p>\n\n\n\n<p><\/p>\n\n\n\n<h4 class=\"wp-block-heading\"><strong>Noul calendar al concursului este urm\u0103torul:<\/strong>&nbsp;<\/h4>\n\n\n\n<ul class=\"wp-block-list\"><li><strong>P\u00e2n\u0103 la data de 16 iulie 2021<\/strong>: trimiterea dosarului online la adresa: <a href=\"mailto:concours@institutfrancais.ro\">concours@institutfrancais.ro<\/a>. &nbsp;<br><br>Dosarul va con\u021bine :&nbsp;<\/li><\/ul>\n\n\n\n<ul class=\"wp-block-list\"><li>compozi\u021bia propus\u0103&nbsp;<\/li><li>manuscrisul corespunz\u0103tor unui fragment din oper\u0103, a c\u0103rui durat\u0103 de execu\u021bie va trebui s\u0103 fie de aproximativ 2 minute&nbsp;<\/li><li>o declara\u021bie de onoare scris\u0103 de m\u00e2n\u0103, conform c\u0103reia lucrarea a fost \u00eentr-adev\u0103r compus\u0103 de candidatul \u00een cauz\u0103 \u0219i semnat\u0103 de acesta&nbsp;<\/li><li><strong>Luni, 26 iulie 2021<\/strong>: anun\u021barea c\u00e2\u0219tig\u0103torului pe site-ul Institutului Francez din Rom\u00e2nia.&nbsp;<\/li><\/ul>\n\n\n\n<blockquote class=\"wp-block-quote is-layout-flow wp-block-quote-is-layout-flow\"><p><em>\u00ab Nous sommes heureux d\u2019annoncer que le choix du jury pour d\u00e9signer le vainqueur du concours de composition de l\u2019Institut Fran\u00e7ais de Roumanie et du Ch\u00e2teau Pape-Cl\u00e9ment, s\u2019est port\u00e9 sur <strong>George-Ioan Pais<\/strong> pour son \u0153uvre&nbsp;<strong>M\u00e9moire d\u00e9form\u00e9e<\/strong>.<\/em><\/p><p><em>Nous remercions du fond du c\u0153ur l\u2019ensemble des candidats pour la qualit\u00e9 des extraits qu\u2019ils nous ont fait parvenir, leur investissement ainsi que le d\u00e9vouement qu\u2019ils ont montr\u00e9 \u00e0 l\u2019occasion de ce concours n\u2019illustre rien d\u2019autre que leur attachement a porter haut la personnalit\u00e9 et la figure de George Enescu, ce qui est et restera la marque de cette premi\u00e8re \u00e9dition. \u00bb  <\/em><\/p><p><em>Nicolas Dautricourt<\/em><\/p><\/blockquote>\n\n\n\n<ul class=\"wp-block-list\"><li><strong>\u00cenainte de 20 august 2021<\/strong>: Institutul Francez din Rom\u00e2nia va primi din partea c\u00e2\u0219tig\u0103torului versiunea definitiv\u0103 a compozi\u021biei: <em>conductor score<\/em> \u0219i p\u0103r\u021bile separate.&nbsp;<\/li><\/ul>\n\n\n\n<div class=\"wp-block-file\"><a href=\"https:\/\/institutfrancais.ro\/bucuresti\/wp-content\/uploads\/sites\/2\/2021\/05\/Regulament-concurs-g-enescu-.pdf\">Regulamentul concursului poate fi desc\u0103rcat de aici <\/a><a href=\"https:\/\/institutfrancais.ro\/bucuresti\/wp-content\/uploads\/sites\/2\/2021\/05\/Regulament-concurs-g-enescu-.pdf\" class=\"wp-block-file__button\" download>Descarc\u0103<\/a><\/div>\n","protected":false},"excerpt":{"rendered":"<p>Premiul Institutului Francez din Rom\u00e2nia \u0219i Ch\u00e2teau Pape-Cl\u00e9ment Institutul Francez din Rom\u00e2nia \u0219i violonistul francez Nicolas Dautricourt lanseaz\u0103 un concurs de compozi\u021bie, un omagiu adus operei lui George Enescu la 140 de ani de la na\u0219terea sa. Concursul este destinat compozitoarelor\/compozitorilor de na\u021bionalitate rom\u00e2n\u0103, cu v\u00e2rsta p\u00e2n\u0103 \u00een 35 de ani, care au re\u0219edin\u021ba \u00een [&hellip;]<\/p>\n","protected":false},"featured_media":1836,"menu_order":0,"template":"","format":"standard","meta":[],"tags":[],"cmcal_calendar":[18],"category-events":[94,88],"class_list":["post-1731","evenimente","type-evenimente","status-publish","format-standard","has-post-thumbnail","hentry","cmcal_calendar-events-calendar","category-events-arhiva","category-events-concurs"],"_links":{"self":[{"href":"https:\/\/institutfrancais.ro\/bucuresti\/wp-json\/wp\/v2\/evenimente\/1731","targetHints":{"allow":["GET"]}}],"collection":[{"href":"https:\/\/institutfrancais.ro\/bucuresti\/wp-json\/wp\/v2\/evenimente"}],"about":[{"href":"https:\/\/institutfrancais.ro\/bucuresti\/wp-json\/wp\/v2\/types\/evenimente"}],"wp:featuredmedia":[{"embeddable":true,"href":"https:\/\/institutfrancais.ro\/bucuresti\/wp-json\/wp\/v2\/media\/1836"}],"wp:attachment":[{"href":"https:\/\/institutfrancais.ro\/bucuresti\/wp-json\/wp\/v2\/media?parent=1731"}],"wp:term":[{"taxonomy":"post_tag","embeddable":true,"href":"https:\/\/institutfrancais.ro\/bucuresti\/wp-json\/wp\/v2\/tags?post=1731"},{"taxonomy":"cmcal_calendar","embeddable":true,"href":"https:\/\/institutfrancais.ro\/bucuresti\/wp-json\/wp\/v2\/cmcal_calendar?post=1731"},{"taxonomy":"category-events","embeddable":true,"href":"https:\/\/institutfrancais.ro\/bucuresti\/wp-json\/wp\/v2\/category-events?post=1731"}],"curies":[{"name":"wp","href":"https:\/\/api.w.org\/{rel}","templated":true}]}}