{"id":4250,"date":"2022-04-21T16:11:37","date_gmt":"2022-04-21T16:11:37","guid":{"rendered":"https:\/\/institutfrancais.ro\/bucuresti\/?post_type=evenimente&#038;p=4250"},"modified":"2023-11-10T06:57:20","modified_gmt":"2023-11-10T06:57:20","slug":"whats-next-for-european-music","status":"publish","type":"evenimente","link":"https:\/\/institutfrancais.ro\/bucuresti\/evenimente\/whats-next-for-european-music\/","title":{"rendered":"What\u2019s next for European Music?"},"content":{"rendered":"\n<p><strong>\u2013 \u00cent\u00e2lniri pentru profesioni\u0219tii din domeniul cultural \u2013<\/strong><\/p>\n\n\n\n<p>Institutul Francez din Rom\u00e2nia \u0219i <a rel=\"noreferrer noopener\" href=\"https:\/\/www.europavox.com\/fr\/\" data-type=\"URL\" data-id=\"https:\/\/www.europavox.com\/fr\/\" target=\"_blank\">Europavox<\/a> organizeaz\u0103, \u00een zilele de <strong>4 \u0219i 5 mai 2022<\/strong>, evenimentul <strong>What\u2019s next for European music?<\/strong>: 2 zile de discu\u021bii, workshop-uri \u0219i mese rotunde av\u00e2nd ca tem\u0103 politicile culturale europene \u00eentr-un context \u00een continu\u0103 schimbare, precum \u0219i impactul acestora asupra mobilit\u0103\u021bii arti\u0219tilor \u00een Europa. <\/p>\n\n\n\n<p>\u00cent\u00e2lnirile sunt adresate <strong>profesioni\u0219tilor din domeniul cultural <\/strong>\u0219i vor avea loc la Institutul Francez cu ocazia primei edi\u021bii a Festivalului Europavox Bucure\u0219ti, desf\u0103\u0219urat \u00een cadrul Proiectului Europavox 2020 \u2013 2024 \u0219i co-finan\u021bat de Comisia European\u0103. <\/p>\n\n\n\n<p>Temele propuse sunt:<\/p>\n\n\n\n<ul class=\"wp-block-list\"><li><em>Sectorul muzical post pandemie: oportunit\u0103\u021bi \u00eentr-un nou cadru european<\/em><\/li><li><em>Oportunit\u0103\u021bi actuale de finan\u021bare \u00een UE<\/em><\/li><li><em>Cultura UE \u00een solidaritate cu Ucraina<\/em><\/li><li><em>Comunicarea digital\u0103 \u00een contextul pandemic<\/em>.<\/li><\/ul>\n\n\n\n<p><br>Vor lua cuv\u00e2ntul: <br>&#8211; Barbara Gessler, Director Program Europa Creativ\u0103 &#8211; Comisia European\u0103 (online)<br>&#8211; Fran\u00e7ois Missonnier, director Europavox<br>&#8211; Florin Oslobanu, Director Club Control<br>&#8211; Anca Lupe\u0219, Pre\u0219edinte RAW Music, Fondatoare Mastering The Music Business<br>&#8211; Sorin Enu\u0219, coordonator Subprogramul Cultura Biroul Europa Creativ\u0103 Rom\u00e2nia<br>&#8211; reprezentan\u021bi ai Ukrainian Cultural Foundation (online)<br>&#8211; Alona Dmukhovska, co-fondatoare Music Export Ukraine (online)<br>&#8211; Robin Ujfalu\u0161i, Director al Centrului Cultural Ceh \u0219i pre\u0219edinte EUNIC Rom\u00e2nia.<br><\/p>\n\n\n\n<p>\u201eWhat\u2019s next for European music?\u201d este <strong>un eveniment gratuit, rezervat profesioni\u0219tilor, iar num\u0103rul de participan\u021bi este limitat. <\/strong>V\u0103 invit\u0103m s\u0103 ne trimite\u021bi p\u00e2n\u0103<strong> luni, 2 mai, <\/strong>o cerere de \u00eenregistrare la adresa <a href=\"mailto:invitation@institutfrancais.ro\"><strong>invitation@institutfrancais.ro<\/strong><\/a><strong> \u00een care s\u0103 specifica\u021bi sesiunea la care dori\u021bi s\u0103 v\u0103 \u00eenscrie\u021bi, mai ales pentru cele dou\u0103 ateliere, unde participarea este limitat\u0103 la 10 persoane.<\/strong> <\/p>\n\n\n\n<p><strong>Programul evenimentului<\/strong> poate fi consultat <strong><a href=\"https:\/\/institutfrancais.ro\/bucuresti\/wp-content\/uploads\/sites\/2\/2022\/04\/PROGRAM-Whats-next-for-European-Music_ROU_site.pdf\" data-type=\"URL\" data-id=\"https:\/\/institutfrancais.ro\/bucuresti\/wp-content\/uploads\/sites\/2\/2022\/04\/PROGRAM-Whats-next-for-European-Music_ROU_site.pdf\" target=\"_blank\" rel=\"noreferrer noopener\">aici.<\/a><\/strong> <br><br><\/p>\n\n\n\n<p>\u00cen aceea\u0219i perioad\u0103, <strong>4-5 mai<\/strong>, la <a rel=\"noreferrer noopener\" href=\"https:\/\/www.europavox.com\/fr\/festivals\/europavox-bucharest\/\" data-type=\"URL\" data-id=\"https:\/\/www.europavox.com\/fr\/festivals\/europavox-bucharest\/\" target=\"_blank\"><strong>Festivalul Europavox<\/strong><\/a>, arti\u0219ti din 6 \u021b\u0103ri europene vor concerta la <strong><a href=\"https:\/\/www.control-club.ro\/\" data-type=\"URL\" data-id=\"https:\/\/www.control-club.ro\/\" target=\"_blank\" rel=\"noreferrer noopener\">Control Club<\/a>,<\/strong> unul dintre cele mai populare spa\u021bii de evenimente live din Bucure\u0219ti. <br>Astfel, renumita artist\u0103 de origine <a href=\"https:\/\/youtu.be\/ZlFREx3iLQk\" target=\"_blank\" rel=\"noreferrer noopener\"><strong>Sophie Hunger<\/strong><\/a>, art-rockerii englezi <a href=\"https:\/\/youtu.be\/7SsAIla3TyA\" target=\"_blank\" rel=\"noreferrer noopener\"><strong>Snapped Ankles<\/strong><\/a>, \u00eempreun\u0103 cu arti\u0219tii europeni emergen\u021bi <a href=\"https:\/\/youtu.be\/X2SGwObl-i8\" target=\"_blank\" rel=\"noreferrer noopener\"><strong>Emilie Zo\u00e9<\/strong><\/a> (Elve\u021bia), <a href=\"https:\/\/youtu.be\/4C2_XK9LTEY\" target=\"_blank\" rel=\"noreferrer noopener\"><strong>Lewsberg<\/strong><\/a><strong> <\/strong>(Olanda), <a href=\"https:\/\/youtu.be\/BKcygB-Z9Qw\" target=\"_blank\" rel=\"noreferrer noopener\"><strong>Jesse Markin<\/strong><\/a><strong> <\/strong>(Finlanda) \u0219i <a href=\"https:\/\/youtu.be\/Nzs1abQPOPs\" target=\"_blank\" rel=\"noreferrer noopener\"><strong>David Walters<\/strong><\/a><strong> <\/strong>(Fran\u021ba), vor c\u00e2nta al\u0103turi de trupele locale <a href=\"https:\/\/youtu.be\/JZb3aG_ry0k\" target=\"_blank\" rel=\"noreferrer noopener\"><strong>Zimbru<\/strong><\/a><strong> <\/strong>\u0219i <a href=\"https:\/\/youtu.be\/soI5Df6K1k8\" target=\"_blank\" rel=\"noreferrer noopener\"><strong>Balkan Taksim<\/strong><\/a>.<\/p>\n\n\n\n<p><strong>Biletele pentru festivalul Europavox<\/strong> sunt disponibile pe <strong><a href=\"https:\/\/eventbook.ro\/music\/bilete-europavox-festival-bucharest\" target=\"_blank\" rel=\"noreferrer noopener\">Eventbook.ro<\/a>.<\/strong><br><\/p>\n\n\n\n<p><\/p>\n","protected":false},"excerpt":{"rendered":"<p>\u2013 \u00cent\u00e2lniri pentru profesioni\u0219tii din domeniul cultural \u2013 Institutul Francez din Rom\u00e2nia \u0219i Europavox organizeaz\u0103, \u00een zilele de 4 \u0219i 5 mai 2022, evenimentul What\u2019s next for European music?: 2 zile de discu\u021bii, workshop-uri \u0219i mese rotunde av\u00e2nd ca tem\u0103 politicile culturale europene \u00eentr-un context \u00een continu\u0103 schimbare, precum \u0219i impactul acestora asupra mobilit\u0103\u021bii arti\u0219tilor [&hellip;]<\/p>\n","protected":false},"featured_media":4265,"menu_order":0,"template":"","format":"standard","meta":[],"tags":[],"cmcal_calendar":[],"category-events":[94],"class_list":["post-4250","evenimente","type-evenimente","status-publish","format-standard","has-post-thumbnail","hentry","category-events-arhiva"],"_links":{"self":[{"href":"https:\/\/institutfrancais.ro\/bucuresti\/wp-json\/wp\/v2\/evenimente\/4250","targetHints":{"allow":["GET"]}}],"collection":[{"href":"https:\/\/institutfrancais.ro\/bucuresti\/wp-json\/wp\/v2\/evenimente"}],"about":[{"href":"https:\/\/institutfrancais.ro\/bucuresti\/wp-json\/wp\/v2\/types\/evenimente"}],"wp:featuredmedia":[{"embeddable":true,"href":"https:\/\/institutfrancais.ro\/bucuresti\/wp-json\/wp\/v2\/media\/4265"}],"wp:attachment":[{"href":"https:\/\/institutfrancais.ro\/bucuresti\/wp-json\/wp\/v2\/media?parent=4250"}],"wp:term":[{"taxonomy":"post_tag","embeddable":true,"href":"https:\/\/institutfrancais.ro\/bucuresti\/wp-json\/wp\/v2\/tags?post=4250"},{"taxonomy":"cmcal_calendar","embeddable":true,"href":"https:\/\/institutfrancais.ro\/bucuresti\/wp-json\/wp\/v2\/cmcal_calendar?post=4250"},{"taxonomy":"category-events","embeddable":true,"href":"https:\/\/institutfrancais.ro\/bucuresti\/wp-json\/wp\/v2\/category-events?post=4250"}],"curies":[{"name":"wp","href":"https:\/\/api.w.org\/{rel}","templated":true}]}}