{"id":7401,"date":"2023-11-23T15:19:37","date_gmt":"2023-11-23T15:19:37","guid":{"rendered":"https:\/\/institutfrancais.ro\/bucuresti\/?post_type=evenimente&#038;p=7401"},"modified":"2024-06-03T14:51:09","modified_gmt":"2024-06-03T14:51:09","slug":"perceptii-sonore-in-deplasare-institut-francais","status":"publish","type":"evenimente","link":"https:\/\/institutfrancais.ro\/bucuresti\/evenimente\/perceptii-sonore-in-deplasare-institut-francais\/","title":{"rendered":"PERCEP\u021aII SONORE \u00ceN DEPLASARE"},"content":{"rendered":"\n<p>27 noiembrie, ora 18.30<\/p>\n\n\n\n<p>Institutul Francez, Dacia 77, Bucure\u0219ti<\/p>\n\n\n\n<p>Traduc\u0103tor acustic al diferitelor arhitecturi, sunetul ne acompaniaz\u0103 \u00een spa\u021biile deplas\u0103rii cu imagini ale destina\u021biei, dar mai ales cu finele percep\u021bii ale schimb\u0103rii \u0219i ale vitezei. Rezonan\u021bele concrete ale g\u0103rii sau ale tuturor g\u0103rilor sunt \u00eenc\u0103rcate de memorie \u0219i familiaritate, de urgen\u021b\u0103 sau de a\u0219teptare. Loc de tranzi\u021bie, spa\u021biul vast al g\u0103rii tinde s\u0103 se metamorfozeze \u00een spa\u021biul \u00eenchis al unei mobilit\u0103\u021bi definite \u0219i totale printr-o \u201ep\u00e2lnie\u201d fizic\u0103 \u0219i totodat\u0103 metaforic\u0103, un loc de accelerare desprins de spa\u021biul concret. Pe traseu se suprapun timpul \u0219i spa\u021biul, locul proasp\u0103t p\u0103r\u0103sit fiind acoperit de stratul de a\u0219teptare al cap\u0103tului de drum, iar rela\u021bia vizual\u0103 cu teritoriile traversate e \u00eentret\u0103iat\u0103 aleatoriu cu momente de introspec\u021bie, rememorare sau proiec\u021bii ner\u0103bd\u0103toare.<\/p>\n\n\n\n<p>De la realismul mecanic al mijloacelor de transport la amintirea unui voiaj, compozi\u021biile sonore prezentate invit\u0103 ascult\u0103torii la o lectur\u0103 a eviden\u021belor subiective \u0219i plasticiene \u00een trasee distincte, dar surprinz\u0103tor de familiare.<\/p>\n\n\n\n<p>Selec\u021bie tematic\u0103 realizat\u0103 de Anamaria Pravicencu din lucr\u0103rile arti\u0219tilor Maria Balaba\u0219, Mara M\u0103r\u0103cinescu, Miron Ghiu, Elena Diaconu, Anamaria Pravicencu, Felix Blume \u0219i Mathias Guilbaud, autori sau prieteni ai platformei SEMI SILENT. Cu Maria Balaba\u0219, Elena Diaconu, Miron Ghiu, Anamaria Pravicencu, Felix Blume \u0219i Mathias Guilbaud.<\/p>\n\n\n\n<p>Fotografie de Cedric Sartore.<\/p>\n\n\n\n<p><a href=\"http:\/\/www.semisilent.ro\" target=\"_blank\" rel=\"noreferrer noopener\">www.semisilent.ro<\/a><\/p>\n","protected":false},"excerpt":{"rendered":"<p>Selec\u021bie tematic\u0103 realizat\u0103 de Anamaria Pravicencu din lucr\u0103rile arti\u0219tilor Maria Balaba\u0219, Mara M\u0103r\u0103cinescu, Miron Ghiu, Elena Diaconu, Anamaria Pravicencu, Felix Blume \u0219i Mathias Guilbaud, autori sau prieteni ai platformei SEMI SILENT.<\/p>\n","protected":false},"featured_media":7396,"menu_order":0,"template":"","format":"standard","meta":[],"tags":[270,277],"cmcal_calendar":[18],"category-events":[94],"class_list":["post-7401","evenimente","type-evenimente","status-publish","format-standard","has-post-thumbnail","hentry","tag-arta","tag-eveniment","cmcal_calendar-events-calendar","category-events-arhiva"],"_links":{"self":[{"href":"https:\/\/institutfrancais.ro\/bucuresti\/wp-json\/wp\/v2\/evenimente\/7401","targetHints":{"allow":["GET"]}}],"collection":[{"href":"https:\/\/institutfrancais.ro\/bucuresti\/wp-json\/wp\/v2\/evenimente"}],"about":[{"href":"https:\/\/institutfrancais.ro\/bucuresti\/wp-json\/wp\/v2\/types\/evenimente"}],"wp:featuredmedia":[{"embeddable":true,"href":"https:\/\/institutfrancais.ro\/bucuresti\/wp-json\/wp\/v2\/media\/7396"}],"wp:attachment":[{"href":"https:\/\/institutfrancais.ro\/bucuresti\/wp-json\/wp\/v2\/media?parent=7401"}],"wp:term":[{"taxonomy":"post_tag","embeddable":true,"href":"https:\/\/institutfrancais.ro\/bucuresti\/wp-json\/wp\/v2\/tags?post=7401"},{"taxonomy":"cmcal_calendar","embeddable":true,"href":"https:\/\/institutfrancais.ro\/bucuresti\/wp-json\/wp\/v2\/cmcal_calendar?post=7401"},{"taxonomy":"category-events","embeddable":true,"href":"https:\/\/institutfrancais.ro\/bucuresti\/wp-json\/wp\/v2\/category-events?post=7401"}],"curies":[{"name":"wp","href":"https:\/\/api.w.org\/{rel}","templated":true}]}}