{"id":813,"date":"2021-03-11T15:35:46","date_gmt":"2021-03-11T15:35:46","guid":{"rendered":"https:\/\/institutfrancais.ro\/bucuresti\/?page_id=813"},"modified":"2021-07-16T08:23:29","modified_gmt":"2021-07-16T08:23:29","slug":"biblio-drive","status":"publish","type":"page","link":"https:\/\/institutfrancais.ro\/bucuresti\/biblio-drive\/","title":{"rendered":"Biblio-drive"},"content":{"rendered":"\n<p class=\"has-pale-cyan-blue-background-color has-background\">\u00cen aceast\u0103 perioad\u0103 ave\u0163i posibilitatea s\u0103 \u00eemprumuta\u0163i \u0219i s\u0103 restitui\u0163i documente <strong>DOAR PE BAZ\u0102 DE PROGRAMARE <\/strong>gra\u0163ie serviciului nostru <strong>biblio drive.<\/strong><\/p>\n\n\n\n<h3 class=\"wp-block-heading\"><strong>Cum func\u021bioneaz\u0103?<\/strong><\/h3>\n\n\n\n<ol class=\"wp-block-list\"><li>C\u0103uta\u0163i documentele pe care dori\u0163i s\u0103 le \u00eemprumuta\u0163i \u00een catalogul nostru online <a rel=\"noreferrer noopener\" href=\"http:\/\/www.carthame.ro\/\" target=\"_blank\">www.carthame.ro<\/a><\/li><li>Trimite\u0163i-ne lista de documente (16 documente pentru adul\u021bi: 9 c\u0103r\u0163i sau documente multisuport, 4 DVD-uri \u0219i 3 CD-uri \u0219i 9 documente pentru copii), preciz\u00e2nd titlul, autorul \u015fi cota, prin e-mail, la adresa: <a rel=\"noreferrer noopener\" href=\"mailto:mediatheque.bucarest@institutfrancais.ro\" target=\"_blank\">mediatheque.bucarest@institutfrancais.ro<\/a> . <strong>Perioada de \u00eemprumut este de 28 de zile.<\/strong><\/li><li>Veni\u0163i s\u0103 v\u0103 recupera\u0163i documentele sau s\u0103 le restitui\u0163i pe cele \u00eemprumutate prin biblio drive, la intrarea Institutului Francez, pe baza permisului de la mediatec\u01ce. V\u0103 \u00eent\u00e2mpin\u0103m mereu cu mult\u0103 voie bun\u0103, z\u00e2mbindu-v\u0103 din ochi \u0219i de sub masc\u0103.<br><br><\/li><\/ol>\n\n\n\n<h3 class=\"wp-block-heading\"><strong>Unde \u0219i c\u00e2nd?<\/strong><\/h3>\n\n\n\n<p>Luni \u2013 joi: 10.00 \u2013 13.00 \u0219i 14.00 \u2013 18.00<br>Adresa: Bd. Dacia, nr. 77, sector 2, Bucure\u0219ti<\/p>\n\n\n\n<h3 class=\"wp-block-heading\"><strong>S\u0103 fim responsabili \u00eempreun\u0103!<\/strong><\/h3>\n\n\n\n<p>Este obligatorie purtarea m\u0103\u0219tii atunci c\u00e2nd veni\u021bi s\u0103 restitui\u021bi sau s\u0103 \u00eemprumuta\u021bi documente.<br>Din motive de securitate, documentele restituite sunt p\u0103strate \u00eentr-un spa\u021biu de depozitare timp de 10 zile \u00eenainte de a fi \u00eemprumutate din nou, pentru a preveni o posibil\u0103 contagiune.<\/p>\n\n\n\n<h3 class=\"wp-block-heading\"><strong>Abonamentul meu a expirat\/Doresc s\u0103 m\u0103 \u00eenscriu<\/strong><\/h3>\n\n\n\n<p>(Re)\u00eenscrierile sunt posibile. Plata se va face on-line, pe Eventbook (<a href=\"https:\/\/eventbook.ro\/other\/bilete-permis-de-cititor?lang=ro\" target=\"_blank\" rel=\"noreferrer noopener\">aici<\/a>) sau prin virament bancar. Suna\u021bi-ne sau scrie\u021bi-ne pentru a ob\u021bine coordonatele noastre bancare.<\/p>\n\n\n\n<h3 class=\"wp-block-heading\"><strong>Iar dup\u0103?<\/strong><\/h3>\n\n\n\n<p>Urm\u0103rim \u00eendeaproape evolu\u021bia crizei sanitare \u0219i m\u0103surile luate de autorit\u0103\u021bile rom\u00e2ne. De \u00eendat\u0103 ce situa\u021bia o va permite, ve\u021bi avea acces liber \u00een mediatec\u0103 pentru a c\u0103uta chiar dumneavoastr\u0103 documentele dorite.<br>R\u0103m\u00e2nem aproape pe <a rel=\"noreferrer noopener\" href=\"https:\/\/mediatecafranceza.wordpress.com\/\" target=\"_blank\">site-ul nostru<\/a> \u0219i pe re\u021belele de socializare, <a rel=\"noreferrer noopener\" href=\"https:\/\/www.facebook.com\/InstitutulFrancez\" target=\"_blank\">Facebook<\/a>, <a rel=\"noreferrer noopener\" href=\"https:\/\/www.instagram.com\/institutulfrancez\/\" target=\"_blank\">Instagram<\/a> \u0219i <a rel=\"noreferrer noopener\" href=\"https:\/\/twitter.com\/institutfrancez\" target=\"_blank\">Twitter.<\/a> Acolo public\u0103m toate nout\u0103\u021bile!<\/p>\n\n\n\n<h3 class=\"wp-block-heading\"><strong>Contact<\/strong><\/h3>\n\n\n\n<p>\u260e\ufe0f 0374 125 235<br>\ud83d\udce7 <a href=\"mailto:mediatheque.bucarest@institutfrancais.ro\">mediatheque.bucarest@institutfrancais.ro<\/a><\/p>\n","protected":false},"excerpt":{"rendered":"<p>\u00cen aceast\u0103 perioad\u0103 ave\u0163i posibilitatea s\u0103 \u00eemprumuta\u0163i \u0219i s\u0103 restitui\u0163i documente DOAR PE BAZ\u0102 DE PROGRAMARE gra\u0163ie serviciului nostru biblio drive. Cum func\u021bioneaz\u0103? C\u0103uta\u0163i documentele pe care dori\u0163i s\u0103 le \u00eemprumuta\u0163i \u00een catalogul nostru online www.carthame.ro Trimite\u0163i-ne lista de documente (16 documente pentru adul\u021bi: 9 c\u0103r\u0163i sau documente multisuport, 4 DVD-uri \u0219i 3 CD-uri \u0219i [&hellip;]<\/p>\n","protected":false},"author":4,"featured_media":883,"parent":0,"menu_order":0,"comment_status":"closed","ping_status":"closed","template":"","meta":{"footnotes":""},"class_list":["post-813","page","type-page","status-publish","has-post-thumbnail","hentry"],"_links":{"self":[{"href":"https:\/\/institutfrancais.ro\/bucuresti\/wp-json\/wp\/v2\/pages\/813","targetHints":{"allow":["GET"]}}],"collection":[{"href":"https:\/\/institutfrancais.ro\/bucuresti\/wp-json\/wp\/v2\/pages"}],"about":[{"href":"https:\/\/institutfrancais.ro\/bucuresti\/wp-json\/wp\/v2\/types\/page"}],"author":[{"embeddable":true,"href":"https:\/\/institutfrancais.ro\/bucuresti\/wp-json\/wp\/v2\/users\/4"}],"replies":[{"embeddable":true,"href":"https:\/\/institutfrancais.ro\/bucuresti\/wp-json\/wp\/v2\/comments?post=813"}],"version-history":[{"count":6,"href":"https:\/\/institutfrancais.ro\/bucuresti\/wp-json\/wp\/v2\/pages\/813\/revisions"}],"predecessor-version":[{"id":2065,"href":"https:\/\/institutfrancais.ro\/bucuresti\/wp-json\/wp\/v2\/pages\/813\/revisions\/2065"}],"wp:featuredmedia":[{"embeddable":true,"href":"https:\/\/institutfrancais.ro\/bucuresti\/wp-json\/wp\/v2\/media\/883"}],"wp:attachment":[{"href":"https:\/\/institutfrancais.ro\/bucuresti\/wp-json\/wp\/v2\/media?parent=813"}],"curies":[{"name":"wp","href":"https:\/\/api.w.org\/{rel}","templated":true}]}}