{"id":8511,"date":"2024-09-26T10:02:24","date_gmt":"2024-09-26T08:02:24","guid":{"rendered":"https:\/\/institutfrancais.ro\/cluj-napoca\/evenimente\/intalniri-cu-francoise-verges\/"},"modified":"2024-11-15T11:46:44","modified_gmt":"2024-11-15T09:46:44","slug":"intalniri-cu-francoise-verges","status":"publish","type":"evenimente","link":"https:\/\/institutfrancais.ro\/cluj-napoca\/fr\/evenimente\/intalniri-cu-francoise-verges\/","title":{"rendered":"Rencontres avec Fran\u00e7oise Verg\u00e8s"},"content":{"rendered":"\n<p>Fran\u00e7oise Verg\u00e8s, historienne et politologue, en visite \u00e0 Cluj-Napoca \u00e0 l&rsquo;occasion du lancement de la version en roumain de son livre manifeste <strong><em>Un f\u00e9minisme d\u00e9colonial<\/em><\/strong> (\u00e9ditions Tact)<\/p>\n\n\n\n<p><strong>15 octobre, 18h, m\u00e9diath\u00e8que de l&rsquo;Institut fran\u00e7ais<\/strong><br>Rencontre en fran\u00e7ais, mod\u00e9r\u00e9e par Simona Ji\u0219a et Sergiu Mi\u0219coiu<\/p>\n\n\n\n<p><strong>16 octobre, 18h, tranzit.ro <\/strong>(16, rue Napoca, 1er \u00e9tage)<br>Rencontre en anglais, mod\u00e9r\u00e9e par Oana Mateescu et Dana Dom\u0219odi<\/p>\n\n\n\n<p>Dans le d\u00e9bat public, \u00eatre d\u00e9colonial est une infamie. Dans les universit\u00e9s, dans les partis de gauche et d\u2019extr\u00eame gauche, les syndicats, les associations f\u00e9ministes, partout on traque une \u00ab&nbsp;pens\u00e9e d\u00e9coloniale&nbsp;\u00bb infiltr\u00e9e et funeste pour le vivre-ensemble.<br>Dans ce livre, Fran\u00e7oise Verg\u00e8s \u00e9lucide l\u2019objet du scandale. Le f\u00e9minisme d\u00e9colonial r\u00e9v\u00e8le les impens\u00e9s de la bonne conscience blanche&nbsp;; il se situe du point de vue des femmes racis\u00e9es&nbsp;: celles qui, travailleuses domestiques, nettoient le monde&nbsp;; il d\u00e9nonce un capitalisme fonci\u00e8rement racial et patriarcal. Ces pages incisives proposent un autre r\u00e9cit du f\u00e9minisme et posent toutes les questions qui f\u00e2chent&nbsp;: quelles alliances avec les femmes blanches&nbsp;? Quelle solidarit\u00e9 avec les hommes racis\u00e9s&nbsp;? Quelles sont les premi\u00e8res vies menac\u00e9es par le capitalisme racial&nbsp;? Pourquoi les n\u00e9ofascismes s\u2019attaquent-ils aux femmes racis\u00e9es&nbsp;? Ce livre est une invitation \u00e0 renouer avec la puissance utopique du f\u00e9minisme, c\u2019est-\u00e0-dire avec un imaginaire \u00e0 m\u00eame de porter une transformation radicale de la soci\u00e9t\u00e9.<\/p>\n\n\n\n<hr class=\"wp-block-separator has-alpha-channel-opacity is-style-dots\" \/>\n\n\n\n<p><img loading=\"lazy\" decoding=\"async\" width=\"480\" height=\"640\" class=\"wp-image-8518\" style=\"width: 200px\" src=\"https:\/\/institutfrancais.ro\/cluj-napoca\/wp-content\/uploads\/sites\/3\/2024\/09\/fvergesselfie.jpg\" alt=\"\" srcset=\"https:\/\/institutfrancais.ro\/cluj-napoca\/wp-content\/uploads\/sites\/3\/2024\/09\/fvergesselfie.jpg 480w, https:\/\/institutfrancais.ro\/cluj-napoca\/wp-content\/uploads\/sites\/3\/2024\/09\/fvergesselfie-450x600.jpg 450w\" sizes=\"auto, (max-width: 480px) 100vw, 480px\" \/> <strong>Fran\u00e7oise Verg\u00e8s <\/strong>(\u00eele de la R\u00e9union \u2013 France) est actuellement chercheuse \u00e0 Sarah Parker Remond Center for the Study of Race and Racialisation, UCL, Londres, \u00e9crivaine, commissaire d&rsquo;exposition ind\u00e9pendante et activiste d\u00e9coloniale. Publication r\u00e9cente : <em>A Program of Absolute Disorder. Decolonize the Museum <\/em>(Pluto, 2024).<\/p>\n\n\n\n<hr class=\"wp-block-separator has-alpha-channel-opacity is-style-dots\" \/>\n\n\n\n<figure class=\"wp-block-embed is-type-video is-provider-youtube wp-block-embed-youtube wp-embed-aspect-4-3 wp-has-aspect-ratio\"><div class=\"wp-block-embed__wrapper\">\n<iframe loading=\"lazy\" title=\"Le f\u00e9minisme d\u00e9colonial selon Fran\u00e7oise Verg\u00e8s\" width=\"500\" height=\"375\" src=\"https:\/\/www.youtube.com\/embed\/8l6CQ7_w1Rw?feature=oembed\" frameborder=\"0\" allow=\"accelerometer; autoplay; clipboard-write; encrypted-media; gyroscope; picture-in-picture; web-share\" referrerpolicy=\"strict-origin-when-cross-origin\" allowfullscreen><\/iframe>\n<\/div><\/figure>\n","protected":false},"excerpt":{"rendered":"<p>Fran\u00e7oise Verg\u00e8s, historienne et politologue, en visite \u00e0 Cluj-Napoca \u00e0 l&rsquo;occasion du lancement de la version en roumain de son livre manifeste Un f\u00e9minisme d\u00e9colonial (\u00e9ditions Tact) 15 octobre, 18h, m\u00e9diath\u00e8que de l&rsquo;Institut fran\u00e7aisRencontre en fran\u00e7ais, mod\u00e9r\u00e9e par Simona Ji\u0219a et Sergiu Mi\u0219coiu 16 octobre, 18h, tranzit.ro (16, rue Napoca, 1er \u00e9tage)Rencontre en anglais, mod\u00e9r\u00e9e [&hellip;]<\/p>\n","protected":false},"featured_media":8543,"menu_order":0,"template":"","format":"standard","meta":[],"tags":[],"cmcal_calendar":[],"category-events":[125],"class_list":["post-8511","evenimente","type-evenimente","status-publish","format-standard","has-post-thumbnail","hentry","category-events-archive"],"_links":{"self":[{"href":"https:\/\/institutfrancais.ro\/cluj-napoca\/fr\/wp-json\/wp\/v2\/evenimente\/8511","targetHints":{"allow":["GET"]}}],"collection":[{"href":"https:\/\/institutfrancais.ro\/cluj-napoca\/fr\/wp-json\/wp\/v2\/evenimente"}],"about":[{"href":"https:\/\/institutfrancais.ro\/cluj-napoca\/fr\/wp-json\/wp\/v2\/types\/evenimente"}],"wp:featuredmedia":[{"embeddable":true,"href":"https:\/\/institutfrancais.ro\/cluj-napoca\/fr\/wp-json\/wp\/v2\/media\/8543"}],"wp:attachment":[{"href":"https:\/\/institutfrancais.ro\/cluj-napoca\/fr\/wp-json\/wp\/v2\/media?parent=8511"}],"wp:term":[{"taxonomy":"post_tag","embeddable":true,"href":"https:\/\/institutfrancais.ro\/cluj-napoca\/fr\/wp-json\/wp\/v2\/tags?post=8511"},{"taxonomy":"cmcal_calendar","embeddable":true,"href":"https:\/\/institutfrancais.ro\/cluj-napoca\/fr\/wp-json\/wp\/v2\/cmcal_calendar?post=8511"},{"taxonomy":"category-events","embeddable":true,"href":"https:\/\/institutfrancais.ro\/cluj-napoca\/fr\/wp-json\/wp\/v2\/category-events?post=8511"}],"curies":[{"name":"wp","href":"https:\/\/api.w.org\/{rel}","templated":true}]}}