{"id":10405,"date":"2026-04-27T10:24:41","date_gmt":"2026-04-27T08:24:41","guid":{"rendered":"https:\/\/institutfrancais.ro\/cluj-napoca\/?post_type=evenimente&#038;p=10405"},"modified":"2026-04-27T10:25:02","modified_gmt":"2026-04-27T08:25:02","slug":"open-call-video-sound-art","status":"publish","type":"evenimente","link":"https:\/\/institutfrancais.ro\/cluj-napoca\/evenimente\/open-call-video-sound-art\/","title":{"rendered":"Open call video &amp; sound art"},"content":{"rendered":"\n<figure class=\"wp-block-image size-large\"><img loading=\"lazy\" decoding=\"async\" width=\"1024\" height=\"482\" src=\"https:\/\/institutfrancais.ro\/cluj-napoca\/wp-content\/uploads\/sites\/3\/2026\/04\/opencall-1024x482.jpg\" alt=\"\" class=\"wp-image-10406\" srcset=\"https:\/\/institutfrancais.ro\/cluj-napoca\/wp-content\/uploads\/sites\/3\/2026\/04\/opencall-1024x482.jpg 1024w, https:\/\/institutfrancais.ro\/cluj-napoca\/wp-content\/uploads\/sites\/3\/2026\/04\/opencall-600x283.jpg 600w, https:\/\/institutfrancais.ro\/cluj-napoca\/wp-content\/uploads\/sites\/3\/2026\/04\/opencall-768x362.jpg 768w, https:\/\/institutfrancais.ro\/cluj-napoca\/wp-content\/uploads\/sites\/3\/2026\/04\/opencall-1536x723.jpg 1536w, https:\/\/institutfrancais.ro\/cluj-napoca\/wp-content\/uploads\/sites\/3\/2026\/04\/opencall.jpg 1771w\" sizes=\"auto, (max-width: 1024px) 100vw, 1024px\" \/><\/figure>\n\n\n\n<p><strong>Institutul Francez din Rom\u00e2nia Cluj-Napoca<\/strong>, \u00eempreun\u0103 cu <strong>Gabriela Moldovan<\/strong>, curatoarea seriei de expozi\u021bii \u201eThe Resonance of the Present Self\u201d, lanseaz\u0103 un open call dedicat arti\u0219tilor care lucreaz\u0103 cu video \u0219i sunet.<\/p>\n\n\n\n<p>C\u0103ut\u0103m lucr\u0103ri de video art \u0219i sound art care vor fi incluse \u00eentr-o proiec\u021bie special\u0103 unic\u0103, organizat\u0103 \u00een seara de <strong>23 mai<\/strong>, \u00een cadrul <strong>Nop\u021bii Muzeelor<\/strong>.<\/p>\n\n\n\n<p>Lucr\u0103rile selectate vor face parte din programul oficial al evenimentului \u0219i vor fi prezentate publicului \u00eentr-o sear\u0103 dedicat\u0103.<\/p>\n\n\n\n<p>Detalii:<br>\u2013 f\u0103r\u0103 tem\u0103 impus\u0103<br>\u2013 deschis arti\u0219tilor emergen\u021bi \u0219i consacra\u021bi, rom\u00e2ni dar \u0219i interna\u021bionali<br>\u2013 nu vor fi luate \u00een considerare lucr\u0103rile care abordeaz\u0103 teme sexuale explicite sau care promoveaz\u0103 sau instig\u0103 la discriminare, violen\u021b\u0103 sau ur\u0103\u00a0<\/p>\n\n\n\n<p>Calendar:<br>\u2013 deadline \u00eenscrieri: <strong><mark style=\"background-color:rgba(0, 0, 0, 0);color:#ff0000\" class=\"has-inline-color\">17 mai<\/mark><\/strong><br>\u2013 anunt selectie arti\u0219ti: <strong>19 mai<\/strong><\/p>\n\n\n\n<p><a href=\"https:\/\/sis0phv9.forms.app\/my-new-form\"><strong>Formular aplica\u021bie<\/strong><\/a><\/p>\n","protected":false},"excerpt":{"rendered":"<p>Institutul Francez din Rom\u00e2nia Cluj-Napoca, \u00eempreun\u0103 cu Gabriela Moldovan, curatoarea seriei de expozi\u021bii \u201eThe Resonance of the Present Self\u201d, lanseaz\u0103 un open call dedicat arti\u0219tilor care lucreaz\u0103 cu video \u0219i sunet. C\u0103ut\u0103m lucr\u0103ri de video art \u0219i sound art care vor fi incluse \u00eentr-o proiec\u021bie special\u0103 unic\u0103, organizat\u0103 \u00een seara de 23 mai, \u00een cadrul [&hellip;]<\/p>\n","protected":false},"featured_media":10406,"menu_order":0,"template":"","format":"standard","meta":[],"tags":[],"cmcal_calendar":[29],"category-events":[137],"class_list":["post-10405","evenimente","type-evenimente","status-publish","format-standard","has-post-thumbnail","hentry","cmcal_calendar-events-calendar","category-events-cultura"],"_links":{"self":[{"href":"https:\/\/institutfrancais.ro\/cluj-napoca\/wp-json\/wp\/v2\/evenimente\/10405","targetHints":{"allow":["GET"]}}],"collection":[{"href":"https:\/\/institutfrancais.ro\/cluj-napoca\/wp-json\/wp\/v2\/evenimente"}],"about":[{"href":"https:\/\/institutfrancais.ro\/cluj-napoca\/wp-json\/wp\/v2\/types\/evenimente"}],"wp:featuredmedia":[{"embeddable":true,"href":"https:\/\/institutfrancais.ro\/cluj-napoca\/wp-json\/wp\/v2\/media\/10406"}],"wp:attachment":[{"href":"https:\/\/institutfrancais.ro\/cluj-napoca\/wp-json\/wp\/v2\/media?parent=10405"}],"wp:term":[{"taxonomy":"post_tag","embeddable":true,"href":"https:\/\/institutfrancais.ro\/cluj-napoca\/wp-json\/wp\/v2\/tags?post=10405"},{"taxonomy":"cmcal_calendar","embeddable":true,"href":"https:\/\/institutfrancais.ro\/cluj-napoca\/wp-json\/wp\/v2\/cmcal_calendar?post=10405"},{"taxonomy":"category-events","embeddable":true,"href":"https:\/\/institutfrancais.ro\/cluj-napoca\/wp-json\/wp\/v2\/category-events?post=10405"}],"curies":[{"name":"wp","href":"https:\/\/api.w.org\/{rel}","templated":true}]}}