{"id":8508,"date":"2024-09-26T10:02:24","date_gmt":"2024-09-26T08:02:24","guid":{"rendered":"https:\/\/institutfrancais.ro\/cluj-napoca\/?post_type=evenimente&#038;p=8508"},"modified":"2024-10-21T08:43:58","modified_gmt":"2024-10-21T06:43:58","slug":"intalniri-cu-francoise-verges","status":"publish","type":"evenimente","link":"https:\/\/institutfrancais.ro\/cluj-napoca\/evenimente\/intalniri-cu-francoise-verges\/","title":{"rendered":"\u00cent\u00e2lniri cu Fran\u00e7oise Verg\u00e8s"},"content":{"rendered":"\n<p>Fran\u00e7oise Verg\u00e8s, istoric \u0219i politolog, \u00een vizit\u0103 la Cluj-Napoca cu ocazia lans\u0103rii c\u0103r\u021bii sale manifest<strong> <em>Un feminism decolonial<\/em><\/strong> (ed. Tact)<\/p>\n\n\n\n<p><strong>15 octombrie, ora 18, mediateca Institutului Francez<\/strong><br>\u00cent\u00e2lnire \u00een limba francez\u0103 moderat\u0103 de Simona Ji\u0219a \u0219i Sergiu Mi\u0219coiu<\/p>\n\n\n\n<p><strong>16 octombrie, ora 18, tranzit.ro <\/strong>(str. Napoca nr. 16 et.1)<br>\u00cent\u00e2lnire \u00een limba englez\u0103 moderat\u0103 de Oana Mateescu \u0219i Dana Domsodi<\/p>\n\n\n\n<p>De prea mult timp feminismul a fost cooptat de for\u021bele pe care \u00eencearc\u0103 s\u0103 le demonteze. \u00cen acest puternic manifest, <em>Un feminism decolonial, <\/em>Fran\u00e7oise Verg\u00e8s sus\u021bine c\u0103 feministele nu ar trebui s\u0103 mai fie complice ale capitalismului, rasismului, colonialismului \u0219i imperialismului: este timpul s\u0103 lupt\u0103m \u00eempotriva sistemului care a construit \u00eenchisorile \u0219i a controlat corpurile femeilor. <em>Un feminism decolonial <\/em>se confrunt\u0103 cu problemele centrale \u00een dezbaterile feministe de ast\u0103zi: de la eurocentrism \u0219i alb, la putere, incluziune \u0219i excludere. Aprofund\u00e2nd istoriile feministe \u0219i anti-rasiste, Fran\u00e7oise Verg\u00e8s evalueaz\u0103, de asemenea, activismul, mi\u0219c\u0103rile \u0219i luptele contemporane, inclusiv #MeToo \u0219i Greva femeilor.<\/p>\n\n\n\n<hr class=\"wp-block-separator has-alpha-channel-opacity is-style-dots\" \/>\n\n\n\n<p><img loading=\"lazy\" decoding=\"async\" width=\"480\" height=\"640\" class=\"wp-image-8517\" style=\"width: 200px\" src=\"https:\/\/institutfrancais.ro\/cluj-napoca\/wp-content\/uploads\/sites\/3\/2024\/09\/fvergesselfie.jpg\" alt=\"\" srcset=\"https:\/\/institutfrancais.ro\/cluj-napoca\/wp-content\/uploads\/sites\/3\/2024\/09\/fvergesselfie.jpg 480w, https:\/\/institutfrancais.ro\/cluj-napoca\/wp-content\/uploads\/sites\/3\/2024\/09\/fvergesselfie-450x600.jpg 450w\" sizes=\"auto, (max-width: 480px) 100vw, 480px\" \/>  <strong>Fran\u00e7oise Verg\u00e8s <\/strong>(Insula R\u00e9union-Fran\u021ba) este \u00een prezent cercet\u0103toare la Sarah Parker Remond Center for the Study of Race and Racialisation, UCL, Londra, scriitoare, curatoare independent\u0103 \u0219i activist\u0103 decolonial\u0103. Cea mai recent\u0103 publica\u021bie : <em>A Program of Absolute Disorder. Decolonize the Museum<\/em> (Pluto, 2024).<\/p>\n\n\n\n<hr class=\"wp-block-separator has-alpha-channel-opacity is-style-dots\" \/>\n\n\n\n<figure class=\"wp-block-embed is-type-video is-provider-youtube wp-block-embed-youtube wp-embed-aspect-4-3 wp-has-aspect-ratio\"><div class=\"wp-block-embed__wrapper\">\n<iframe loading=\"lazy\" title=\"Le f\u00e9minisme d\u00e9colonial selon Fran\u00e7oise Verg\u00e8s\" width=\"500\" height=\"375\" src=\"https:\/\/www.youtube.com\/embed\/8l6CQ7_w1Rw?feature=oembed\" frameborder=\"0\" allow=\"accelerometer; autoplay; clipboard-write; encrypted-media; gyroscope; picture-in-picture; web-share\" referrerpolicy=\"strict-origin-when-cross-origin\" allowfullscreen><\/iframe>\n<\/div><\/figure>\n","protected":false},"excerpt":{"rendered":"<p>Fran\u00e7oise Verg\u00e8s, istoric \u0219i politolog, \u00een vizit\u0103 la Cluj-Napoca cu ocazia lans\u0103rii c\u0103r\u021bii sale manifest Un feminism decolonial (ed. Tact) 15 octombrie, ora 18, mediateca Institutului Francez\u00cent\u00e2lnire \u00een limba francez\u0103 moderat\u0103 de Simona Ji\u0219a \u0219i Sergiu Mi\u0219coiu 16 octombrie, ora 18, tranzit.ro (str. Napoca nr. 16 et.1)\u00cent\u00e2lnire \u00een limba englez\u0103 moderat\u0103 de Oana Mateescu \u0219i [&hellip;]<\/p>\n","protected":false},"featured_media":8542,"menu_order":0,"template":"","format":"standard","meta":[],"tags":[],"cmcal_calendar":[],"category-events":[95],"class_list":["post-8508","evenimente","type-evenimente","status-publish","format-standard","has-post-thumbnail","hentry","category-events-arhiva"],"_links":{"self":[{"href":"https:\/\/institutfrancais.ro\/cluj-napoca\/wp-json\/wp\/v2\/evenimente\/8508","targetHints":{"allow":["GET"]}}],"collection":[{"href":"https:\/\/institutfrancais.ro\/cluj-napoca\/wp-json\/wp\/v2\/evenimente"}],"about":[{"href":"https:\/\/institutfrancais.ro\/cluj-napoca\/wp-json\/wp\/v2\/types\/evenimente"}],"wp:featuredmedia":[{"embeddable":true,"href":"https:\/\/institutfrancais.ro\/cluj-napoca\/wp-json\/wp\/v2\/media\/8542"}],"wp:attachment":[{"href":"https:\/\/institutfrancais.ro\/cluj-napoca\/wp-json\/wp\/v2\/media?parent=8508"}],"wp:term":[{"taxonomy":"post_tag","embeddable":true,"href":"https:\/\/institutfrancais.ro\/cluj-napoca\/wp-json\/wp\/v2\/tags?post=8508"},{"taxonomy":"cmcal_calendar","embeddable":true,"href":"https:\/\/institutfrancais.ro\/cluj-napoca\/wp-json\/wp\/v2\/cmcal_calendar?post=8508"},{"taxonomy":"category-events","embeddable":true,"href":"https:\/\/institutfrancais.ro\/cluj-napoca\/wp-json\/wp\/v2\/category-events?post=8508"}],"curies":[{"name":"wp","href":"https:\/\/api.w.org\/{rel}","templated":true}]}}