{"id":1305,"date":"2021-07-29T08:41:12","date_gmt":"2021-07-29T08:41:12","guid":{"rendered":"https:\/\/institutfrancais.ro\/?page_id=1305"},"modified":"2025-12-08T14:06:01","modified_gmt":"2025-12-08T14:06:01","slug":"examens","status":"publish","type":"page","link":"https:\/\/institutfrancais.ro\/fr\/apprends-le-francais\/examens\/","title":{"rendered":"Examens"},"content":{"rendered":"\n<figure class=\"wp-block-image size-large\"><img loading=\"lazy\" decoding=\"async\" width=\"1024\" height=\"390\" src=\"https:\/\/institutfrancais.ro\/wp-content\/uploads\/2024\/12\/FEI-campagne-promo-CouvertureFacebookreussite-820x312-1-1024x390.jpg\" alt=\"\" class=\"wp-image-1991\" srcset=\"https:\/\/institutfrancais.ro\/wp-content\/uploads\/2024\/12\/FEI-campagne-promo-CouvertureFacebookreussite-820x312-1-1024x390.jpg 1024w, https:\/\/institutfrancais.ro\/wp-content\/uploads\/2024\/12\/FEI-campagne-promo-CouvertureFacebookreussite-820x312-1-300x114.jpg 300w, https:\/\/institutfrancais.ro\/wp-content\/uploads\/2024\/12\/FEI-campagne-promo-CouvertureFacebookreussite-820x312-1-768x292.jpg 768w, https:\/\/institutfrancais.ro\/wp-content\/uploads\/2024\/12\/FEI-campagne-promo-CouvertureFacebookreussite-820x312-1-1536x584.jpg 1536w, https:\/\/institutfrancais.ro\/wp-content\/uploads\/2024\/12\/FEI-campagne-promo-CouvertureFacebookreussite-820x312-1-2048x779.jpg 2048w\" sizes=\"auto, (max-width: 1024px) 100vw, 1024px\" \/><\/figure>\n\n\n\n<p>L\u2019<strong>Institut fran\u00e7ais de Roumanie<\/strong> est en charge de diffuser en Roumanie les certifications officielles de langue fran\u00e7aise appel\u00e9es DELF et DALF.<\/p>\n\n\n\n<p>Le <strong>dipl\u00f4me d\u2019\u00e9tudes en langue fran\u00e7aise (DELF)<\/strong> et le <strong>dipl\u00f4me approfondi de langue fran\u00e7aise (DALF)<\/strong> sont des dipl\u00f4mes du minist\u00e8re fran\u00e7ais de l\u2019\u00e9ducation nationale. Reconnus \u00e0 l\u2019international et valables \u00e0 vie, le DELF et le DALF repr\u00e9sentent donc de pr\u00e9cieux outils pour valider ses comp\u00e9tences en langue fran\u00e7aise.<\/p>\n\n\n\n<p>Ces 2 certifications sont aussi reconnues par les autorit\u00e9s \u00e9ducatives roumaines et certaines entreprises peuvent les r\u00e9clamer sur votre CV, afin d\u2019avoir une preuve fiable du niveau de fran\u00e7ais du candidat.<\/p>\n\n\n\n<p>En Roumanie, le r\u00e9seau DELF &#8211; DALF se compose de 10 centres d\u2019examen agr\u00e9\u00e9s, en charge d\u2019organiser les sessions dans leur r\u00e9gion. Merci de consulter les infos sur le calendrier des sessions, les centres d\u2019examen et les tarifs en vigueur sur la page internet de chaque centre\u00a0:<\/p>\n\n\n\n<p><a href=\"https:\/\/institutfrancais.ro\/bucuresti\/category\/cursuri-si-examene\/#\/\">Institut fran\u00e7ais de Roumanie \u00e0 Bucarest<\/a><br><a href=\"https:\/\/institutfrancais.ro\/cluj-napoca\/category\/cursuri-si-examene\/#\/\">Institut fran\u00e7ais de Roumanie \u00e0 Cluj-Napoca<\/a><br><a href=\"https:\/\/institutfrancais.ro\/iasi\/category\/cursuri-si-examene\/#\/\">Institut fran\u00e7ais de Roumanie \u00e0 Iasi<\/a><br><a href=\"https:\/\/institutfrancais.ro\/timisoara\/category\/cursuri-si-examene\/#\/\">Institut fran\u00e7ais de Roumanie \u00e0 Timisoara<\/a><br><a href=\"https:\/\/www.afbv.ro\/\">Alliance fran\u00e7aise de Brasov<\/a><br><a href=\"https:\/\/afconstanta.ro\/ro\/\">Alliance fran\u00e7aise de Constanta<\/a><br><a href=\"https:\/\/www.afcraiova.ro\/\">Alliance fran\u00e7aise de Craiova<\/a><br><a href=\"https:\/\/alliance-fr-pitesti.net\/fr\/page-daccueil\/\">Alliance fran\u00e7aise de Pitesti<\/a><br><a href=\"http:\/\/www.afploiesti.ro\/wordpress\/fr\/\">Alliance fran\u00e7aise de Ploiesti<\/a><br><a href=\"https:\/\/afsuceava.ro\/fr\/accueil\/\">Alliance fran\u00e7aise de Suceava<\/a><\/p>\n\n\n\n<figure class=\"wp-block-image size-large\"><img loading=\"lazy\" decoding=\"async\" width=\"1024\" height=\"276\" src=\"https:\/\/institutfrancais.ro\/wp-content\/uploads\/2024\/12\/Calendrier2025-1024x276.jpg\" alt=\"\" class=\"wp-image-1994\" srcset=\"https:\/\/institutfrancais.ro\/wp-content\/uploads\/2024\/12\/Calendrier2025-1024x276.jpg 1024w, https:\/\/institutfrancais.ro\/wp-content\/uploads\/2024\/12\/Calendrier2025-300x81.jpg 300w, https:\/\/institutfrancais.ro\/wp-content\/uploads\/2024\/12\/Calendrier2025-768x207.jpg 768w, https:\/\/institutfrancais.ro\/wp-content\/uploads\/2024\/12\/Calendrier2025-1536x414.jpg 1536w, https:\/\/institutfrancais.ro\/wp-content\/uploads\/2024\/12\/Calendrier2025.jpg 1622w\" sizes=\"auto, (max-width: 1024px) 100vw, 1024px\" \/><\/figure>\n\n\n\n<p><\/p>\n\n\n\n<p><\/p>\n\n\n\n<p><\/p>\n\n\n\n<p><\/p>\n","protected":false},"excerpt":{"rendered":"<p>L\u2019Institut fran\u00e7ais de Roumanie est en charge de diffuser en Roumanie les certifications officielles de langue fran\u00e7aise appel\u00e9es DELF et DALF. Le dipl\u00f4me d\u2019\u00e9tudes en langue fran\u00e7aise (DELF) et le dipl\u00f4me approfondi de langue fran\u00e7aise (DALF) sont des dipl\u00f4mes du minist\u00e8re fran\u00e7ais de l\u2019\u00e9ducation nationale. Reconnus \u00e0 l\u2019international et valables \u00e0 vie, le DELF et [&hellip;]<\/p>\n","protected":false},"author":1,"featured_media":1991,"parent":1101,"menu_order":0,"comment_status":"closed","ping_status":"closed","template":"","meta":{"footnotes":""},"class_list":["post-1305","page","type-page","status-publish","has-post-thumbnail","hentry"],"_links":{"self":[{"href":"https:\/\/institutfrancais.ro\/fr\/wp-json\/wp\/v2\/pages\/1305","targetHints":{"allow":["GET"]}}],"collection":[{"href":"https:\/\/institutfrancais.ro\/fr\/wp-json\/wp\/v2\/pages"}],"about":[{"href":"https:\/\/institutfrancais.ro\/fr\/wp-json\/wp\/v2\/types\/page"}],"author":[{"embeddable":true,"href":"https:\/\/institutfrancais.ro\/fr\/wp-json\/wp\/v2\/users\/1"}],"replies":[{"embeddable":true,"href":"https:\/\/institutfrancais.ro\/fr\/wp-json\/wp\/v2\/comments?post=1305"}],"version-history":[{"count":6,"href":"https:\/\/institutfrancais.ro\/fr\/wp-json\/wp\/v2\/pages\/1305\/revisions"}],"predecessor-version":[{"id":2084,"href":"https:\/\/institutfrancais.ro\/fr\/wp-json\/wp\/v2\/pages\/1305\/revisions\/2084"}],"up":[{"embeddable":true,"href":"https:\/\/institutfrancais.ro\/fr\/wp-json\/wp\/v2\/pages\/1101"}],"wp:featuredmedia":[{"embeddable":true,"href":"https:\/\/institutfrancais.ro\/fr\/wp-json\/wp\/v2\/media\/1991"}],"wp:attachment":[{"href":"https:\/\/institutfrancais.ro\/fr\/wp-json\/wp\/v2\/media?parent=1305"}],"curies":[{"name":"wp","href":"https:\/\/api.w.org\/{rel}","templated":true}]}}