{"id":1877,"date":"2024-02-14T12:52:26","date_gmt":"2024-02-14T12:52:26","guid":{"rendered":"https:\/\/institutfrancais.ro\/cursuri-online\/"},"modified":"2025-12-08T14:18:22","modified_gmt":"2025-12-08T14:18:22","slug":"apprends-le-francais-cours-en-ligne","status":"publish","type":"page","link":"https:\/\/institutfrancais.ro\/fr\/apprends-le-francais-cours-en-ligne\/","title":{"rendered":"Cours en ligne"},"content":{"rendered":"\n<p><em>Pourquoi prendre des cours en ligne&nbsp;?<\/em><\/p>\n\n\n\n<ul class=\"wp-block-list\">\n<li>Vous habitez loin de nos locaux&nbsp;;<\/li>\n\n\n\n<li>Cette formule vous fait gagner du temps&nbsp;;<\/li>\n\n\n\n<li>Vous voulez des s\u00e9ances plus courtes&nbsp;;<\/li>\n\n\n\n<li>Vous trouvez que cette modalit\u00e9 est plus efficace&nbsp;;<\/li>\n\n\n\n<li>Les cours en ligne vous donnent acc\u00e8s \u00e0 des ressources innovantes et vous permettent d\u2019interagir avec des personnes des quatre coins du pays.<\/li>\n<\/ul>\n\n\n\n<h2 class=\"wp-block-heading\"><strong>Cours pour les adultes<\/strong><\/h2>\n\n\n\n<p><strong>Nombre d&rsquo;heures <\/strong>:&nbsp;<strong>30 heures<\/strong>&nbsp;pour les niveaux A1, A2, B1 et <strong>60 heures<\/strong>&nbsp;pour les niveaux B2, C1<br><strong>Dur\u00e9e des s\u00e9ances&nbsp;<\/strong>:&nbsp;<strong>1h30<\/strong>&nbsp;pour les niveaux A1, A2, B1 et <strong>2h00<\/strong>&nbsp;pour les niveaux B2, C1&nbsp;&nbsp;Co<\/p>\n\n\n\n<p>En compl\u00e9ment des s\u00e9ances avec le professeur, l&rsquo;apprenant b\u00e9n\u00e9ficie d&rsquo;un acc\u00e8s illimit\u00e9 \u00e0 une plateforme p\u00e9dagogique disponible 24h\/24. La plateforme offre de nombreuses ressources et activit\u00e9s compl\u00e9mentaires pour travailler la langue fran\u00e7aise.<\/p>\n\n\n\n<p>Une r\u00e9duction de 10 % est appliqu\u00e9e pour les \u00e9tudiants qui utilisent le code promotionnel IFRO2026 (une carte \u00e9tudiant en cours de validit\u00e9 doit \u00eatre d\u00e9pos\u00e9 dans le dossier en ligne au moment de l&rsquo;inscription).<\/p>\n\n\n\n<h2 class=\"wp-block-heading\"><strong>CALENDRIER 2026<\/strong><\/h2>\n\n\n\n<p>Niveaux : <strong>A1.1-A1.2 \/ A2.1-A2.2-A2.3 \/ B1.1-B1.2-B1.3-B1.4<\/strong><\/p>\n\n\n\n<figure class=\"wp-block-table aligncenter\"><table><tbody><tr><td><em>Mois<\/em><\/td><td><em>Dates des cours<\/em><\/td><td><em>Rythme<\/em><\/td><\/tr><tr><td><strong>F\u00c9VRIER<\/strong><\/td><td>2 f\u00e9vrier &#8211; 27 mars<br>23 f\u00e9vrier &#8211; 12 juin<\/td><td>2 <em>s\u00e9ances de cours par semaine, en ligne<\/em><br>1 <em>s\u00e9ance de cours par semaine, en ligne<\/em><\/td><\/tr><tr><td><strong>MARS<\/strong><\/td><td>2 mars &#8211; 30 avril<\/td><td>2 <em>s\u00e9ances de cours par semaine, en ligne<\/em><\/td><\/tr><tr><td><strong>MAI<\/strong><\/td><td>4 mai &#8211; 26 juin<\/td><td>2 <em>s\u00e9ances de cours par semaine, en ligne<\/em><\/td><\/tr><tr><td><strong>JUIN<\/strong><\/td><td>2 juin &#8211; 24 juillet<\/td><td>2 <em>s\u00e9ances de cours par semaine, en ligne<\/em><\/td><\/tr><tr><td><strong>AO\u00dbT<\/strong><\/td><td>31 ao\u00fbt &#8211; 23 octobre<\/td><td>1 <em>s\u00e9ance de cours par semaine, en ligne<\/em><\/td><\/tr><\/tbody><\/table><\/figure>\n\n\n\n<p>Niveaux : <strong>B2.1-B2.2-B2.3 \/ C1.1-C1.2-C1.3<\/strong><\/p>\n\n\n\n<figure class=\"wp-block-table aligncenter\"><table><tbody><tr><td><em>Mois<\/em><\/td><td><em><em>Dates des cours<\/em><\/em><\/td><td><em>Rythme<\/em><\/td><\/tr><tr><td><strong><strong>F\u00c9VRIER<\/strong><\/strong><\/td><td>2 f\u00e9vrier &#8211; 22 mai<\/td><td>2 <em>s\u00e9ances de cours par semaine, en ligne<\/em><\/td><\/tr><tr><td><strong><strong>F\u00c9VRIER<\/strong><\/strong><\/td><td>16 f\u00e9vrier &#8211; 30 avril<\/td><td>3 <em>s\u00e9ances de cours par semaine, en ligne<\/em><\/td><\/tr><\/tbody><\/table><\/figure>\n\n\n\n<div class='kiosque-aec'><div\n data-module='classes'\n data-action='courses-selection-tiles'\n data-param-etablishment-branch-id=''\n data-param-period-id=''\n data-param-classification-id='0'\n data-param-subject-id='1'\n data-param-class-type-id='61'\n data-param-main-level=''\n data-param-levels-to-filter-by=''\n data-param-localization='ONLINE'\n data-param-class-format-id='9'\n data-param-show-filter-choices='1'\n data-param-show-all-establishment='Y'\n data-param-lang='fr_FR'><\/div><\/div>\n\n\n\n<p><\/p>\n\n\n\n<figure class=\"wp-block-image size-large\"><img loading=\"lazy\" decoding=\"async\" width=\"1024\" height=\"512\" src=\"https:\/\/institutfrancais.ro\/wp-content\/uploads\/2024\/07\/Nos-niveaux_FR-1024x512.jpg\" alt=\"\" class=\"wp-image-1959\" srcset=\"https:\/\/institutfrancais.ro\/wp-content\/uploads\/2024\/07\/Nos-niveaux_FR-1024x512.jpg 1024w, https:\/\/institutfrancais.ro\/wp-content\/uploads\/2024\/07\/Nos-niveaux_FR-300x150.jpg 300w, https:\/\/institutfrancais.ro\/wp-content\/uploads\/2024\/07\/Nos-niveaux_FR-768x384.jpg 768w, https:\/\/institutfrancais.ro\/wp-content\/uploads\/2024\/07\/Nos-niveaux_FR-1536x768.jpg 1536w, https:\/\/institutfrancais.ro\/wp-content\/uploads\/2024\/07\/Nos-niveaux_FR-2048x1024.jpg 2048w\" sizes=\"auto, (max-width: 1024px) 100vw, 1024px\" \/><\/figure>\n","protected":false},"excerpt":{"rendered":"<p>Pourquoi prendre des cours en ligne&nbsp;? Cours pour les adultes Nombre d&rsquo;heures :&nbsp;30 heures&nbsp;pour les niveaux A1, A2, B1 et 60 heures&nbsp;pour les niveaux B2, C1Dur\u00e9e des s\u00e9ances&nbsp;:&nbsp;1h30&nbsp;pour les niveaux A1, A2, B1 et 2h00&nbsp;pour les niveaux B2, C1&nbsp;&nbsp;Co En compl\u00e9ment des s\u00e9ances avec le professeur, l&rsquo;apprenant b\u00e9n\u00e9ficie d&rsquo;un acc\u00e8s illimit\u00e9 \u00e0 une plateforme p\u00e9dagogique [&hellip;]<\/p>\n","protected":false},"author":3,"featured_media":2044,"parent":0,"menu_order":0,"comment_status":"closed","ping_status":"closed","template":"","meta":{"footnotes":""},"class_list":["post-1877","page","type-page","status-publish","has-post-thumbnail","hentry"],"_links":{"self":[{"href":"https:\/\/institutfrancais.ro\/fr\/wp-json\/wp\/v2\/pages\/1877","targetHints":{"allow":["GET"]}}],"collection":[{"href":"https:\/\/institutfrancais.ro\/fr\/wp-json\/wp\/v2\/pages"}],"about":[{"href":"https:\/\/institutfrancais.ro\/fr\/wp-json\/wp\/v2\/types\/page"}],"author":[{"embeddable":true,"href":"https:\/\/institutfrancais.ro\/fr\/wp-json\/wp\/v2\/users\/3"}],"replies":[{"embeddable":true,"href":"https:\/\/institutfrancais.ro\/fr\/wp-json\/wp\/v2\/comments?post=1877"}],"version-history":[{"count":25,"href":"https:\/\/institutfrancais.ro\/fr\/wp-json\/wp\/v2\/pages\/1877\/revisions"}],"predecessor-version":[{"id":2092,"href":"https:\/\/institutfrancais.ro\/fr\/wp-json\/wp\/v2\/pages\/1877\/revisions\/2092"}],"wp:featuredmedia":[{"embeddable":true,"href":"https:\/\/institutfrancais.ro\/fr\/wp-json\/wp\/v2\/media\/2044"}],"wp:attachment":[{"href":"https:\/\/institutfrancais.ro\/fr\/wp-json\/wp\/v2\/media?parent=1877"}],"curies":[{"name":"wp","href":"https:\/\/api.w.org\/{rel}","templated":true}]}}